{"id":337,"date":"2013-08-03T06:46:58","date_gmt":"2013-08-03T04:46:58","guid":{"rendered":"http:\/\/www.stoc-saar-pfalz.net\/?page_id=337"},"modified":"2019-05-05T10:48:31","modified_gmt":"2019-05-05T08:48:31","slug":"saisoneroeffnung-24-4-2009","status":"publish","type":"page","link":"https:\/\/www.stoc-saar-pfalz.net\/?page_id=337","title":{"rendered":"Saisoner\u00f6ffnung 24.4.2009"},"content":{"rendered":"<p><\/p>\n<p>Am Samstagmorgen um 10 Uhr wurde es langsam unruhig auf dem Johanniskreuz. Die ersten Tourteilnehmer trudeln ein. Klaus hatte f\u00fcr uns eine Tour zusammengestellt um die neue Saison zu begr\u00fc\u00dfen. Es waren optimale Bedingungen zum Motorrad fahren. Warm und sonnig. Die Tour, die ja wegen der einmonatigen Verschiebung ge\u00e4ndert werden musste (das Elmsteiner Tal war ja seit dem 1.4. f\u00fcr Motorr\u00e4der gesperrt) f\u00fchrte uns auf kleinsten Stra\u00dfen in Richtung Burg Landeck in der S\u00fcdpfalz.<\/p>\n<p><a href=\"http:\/\/www.stoc-saar-pfalz.net\/wp-content\/uploads\/2013\/08\/image007.jpg\"><img loading=\"lazy\" class=\"alignnone size-full wp-image-340\" src=\"http:\/\/www.stoc-saar-pfalz.net\/wp-content\/uploads\/2013\/08\/image007.jpg\" alt=\"image007\" width=\"500\" height=\"375\" srcset=\"https:\/\/www.stoc-saar-pfalz.net\/wp-content\/uploads\/2013\/08\/image007.jpg 500w, https:\/\/www.stoc-saar-pfalz.net\/wp-content\/uploads\/2013\/08\/image007-300x225.jpg 300w\" sizes=\"(max-width: 500px) 100vw, 500px\" \/><\/a><\/p>\n<p>Nach einem Mittagessen auf dem Burghof ging es dann weiter in einer Schleife durch den Wasgau Richtung Hofstetten, wo wir bei einem Kaffee und reichlich Sonnenschein die Tour beendeten. Es hatte wirklich alles gepasst &#8211; sogar der Stromausfall, der zum Zeitpunkt des Eintreffens in Hofst\u00e4tten gro\u00dfe Teile der K\u00fcche lahm legte, war eine Viertelstunde nach unserem Eintreffen behoben.<\/p>\n\n\n<ul class=\"wp-block-gallery columns-3 is-cropped\"><li class=\"blocks-gallery-item\"><figure><img loading=\"lazy\" width=\"375\" height=\"281\" src=\"https:\/\/www.stoc-saar-pfalz.net\/wp-content\/uploads\/2019\/05\/b8.jpg\" alt=\"\" data-id=\"1832\" data-link=\"https:\/\/www.stoc-saar-pfalz.net\/?attachment_id=1832\" class=\"wp-image-1832\" srcset=\"https:\/\/www.stoc-saar-pfalz.net\/wp-content\/uploads\/2019\/05\/b8.jpg 375w, https:\/\/www.stoc-saar-pfalz.net\/wp-content\/uploads\/2019\/05\/b8-300x225.jpg 300w\" sizes=\"(max-width: 375px) 100vw, 375px\" \/><\/figure><\/li><li class=\"blocks-gallery-item\"><figure><img loading=\"lazy\" width=\"375\" height=\"281\" src=\"https:\/\/www.stoc-saar-pfalz.net\/wp-content\/uploads\/2019\/05\/b13.jpg\" alt=\"\" data-id=\"1833\" data-link=\"https:\/\/www.stoc-saar-pfalz.net\/?attachment_id=1833\" class=\"wp-image-1833\" srcset=\"https:\/\/www.stoc-saar-pfalz.net\/wp-content\/uploads\/2019\/05\/b13.jpg 375w, https:\/\/www.stoc-saar-pfalz.net\/wp-content\/uploads\/2019\/05\/b13-300x225.jpg 300w\" sizes=\"(max-width: 375px) 100vw, 375px\" \/><\/figure><\/li><li class=\"blocks-gallery-item\"><figure><img loading=\"lazy\" width=\"375\" height=\"281\" src=\"https:\/\/www.stoc-saar-pfalz.net\/wp-content\/uploads\/2019\/05\/b14.jpg\" alt=\"\" data-id=\"1834\" data-link=\"https:\/\/www.stoc-saar-pfalz.net\/?attachment_id=1834\" class=\"wp-image-1834\" srcset=\"https:\/\/www.stoc-saar-pfalz.net\/wp-content\/uploads\/2019\/05\/b14.jpg 375w, https:\/\/www.stoc-saar-pfalz.net\/wp-content\/uploads\/2019\/05\/b14-300x225.jpg 300w\" sizes=\"(max-width: 375px) 100vw, 375px\" \/><\/figure><\/li><li class=\"blocks-gallery-item\"><figure><img loading=\"lazy\" width=\"375\" height=\"281\" src=\"https:\/\/www.stoc-saar-pfalz.net\/wp-content\/uploads\/2019\/05\/b16.jpg\" alt=\"\" data-id=\"1835\" data-link=\"https:\/\/www.stoc-saar-pfalz.net\/?attachment_id=1835\" class=\"wp-image-1835\" srcset=\"https:\/\/www.stoc-saar-pfalz.net\/wp-content\/uploads\/2019\/05\/b16.jpg 375w, https:\/\/www.stoc-saar-pfalz.net\/wp-content\/uploads\/2019\/05\/b16-300x225.jpg 300w\" sizes=\"(max-width: 375px) 100vw, 375px\" \/><\/figure><\/li><li class=\"blocks-gallery-item\"><figure><img loading=\"lazy\" width=\"500\" height=\"375\" src=\"https:\/\/www.stoc-saar-pfalz.net\/wp-content\/uploads\/2019\/05\/image001.jpg\" alt=\"\" data-id=\"1836\" data-link=\"https:\/\/www.stoc-saar-pfalz.net\/?attachment_id=1836\" class=\"wp-image-1836\" srcset=\"https:\/\/www.stoc-saar-pfalz.net\/wp-content\/uploads\/2019\/05\/image001.jpg 500w, https:\/\/www.stoc-saar-pfalz.net\/wp-content\/uploads\/2019\/05\/image001-300x225.jpg 300w\" sizes=\"(max-width: 500px) 100vw, 500px\" \/><\/figure><\/li><li class=\"blocks-gallery-item\"><figure><img loading=\"lazy\" width=\"500\" height=\"375\" src=\"https:\/\/www.stoc-saar-pfalz.net\/wp-content\/uploads\/2019\/05\/image002.jpg\" alt=\"\" data-id=\"1837\" data-link=\"https:\/\/www.stoc-saar-pfalz.net\/?attachment_id=1837\" class=\"wp-image-1837\" srcset=\"https:\/\/www.stoc-saar-pfalz.net\/wp-content\/uploads\/2019\/05\/image002.jpg 500w, https:\/\/www.stoc-saar-pfalz.net\/wp-content\/uploads\/2019\/05\/image002-300x225.jpg 300w\" sizes=\"(max-width: 500px) 100vw, 500px\" \/><\/figure><\/li><li class=\"blocks-gallery-item\"><figure><img loading=\"lazy\" width=\"500\" height=\"375\" src=\"https:\/\/www.stoc-saar-pfalz.net\/wp-content\/uploads\/2019\/05\/image003.jpg\" alt=\"\" data-id=\"1838\" data-link=\"https:\/\/www.stoc-saar-pfalz.net\/?attachment_id=1838\" class=\"wp-image-1838\" srcset=\"https:\/\/www.stoc-saar-pfalz.net\/wp-content\/uploads\/2019\/05\/image003.jpg 500w, https:\/\/www.stoc-saar-pfalz.net\/wp-content\/uploads\/2019\/05\/image003-300x225.jpg 300w\" sizes=\"(max-width: 500px) 100vw, 500px\" \/><\/figure><\/li><li class=\"blocks-gallery-item\"><figure><img loading=\"lazy\" width=\"500\" height=\"375\" src=\"https:\/\/www.stoc-saar-pfalz.net\/wp-content\/uploads\/2019\/05\/image004.jpg\" alt=\"\" data-id=\"1839\" data-link=\"https:\/\/www.stoc-saar-pfalz.net\/?attachment_id=1839\" class=\"wp-image-1839\" srcset=\"https:\/\/www.stoc-saar-pfalz.net\/wp-content\/uploads\/2019\/05\/image004.jpg 500w, https:\/\/www.stoc-saar-pfalz.net\/wp-content\/uploads\/2019\/05\/image004-300x225.jpg 300w\" sizes=\"(max-width: 500px) 100vw, 500px\" \/><\/figure><\/li><li class=\"blocks-gallery-item\"><figure><img loading=\"lazy\" width=\"500\" height=\"375\" src=\"https:\/\/www.stoc-saar-pfalz.net\/wp-content\/uploads\/2019\/05\/image005.jpg\" alt=\"\" data-id=\"1840\" data-link=\"https:\/\/www.stoc-saar-pfalz.net\/?attachment_id=1840\" class=\"wp-image-1840\" srcset=\"https:\/\/www.stoc-saar-pfalz.net\/wp-content\/uploads\/2019\/05\/image005.jpg 500w, https:\/\/www.stoc-saar-pfalz.net\/wp-content\/uploads\/2019\/05\/image005-300x225.jpg 300w\" sizes=\"(max-width: 500px) 100vw, 500px\" \/><\/figure><\/li><li class=\"blocks-gallery-item\"><figure><img loading=\"lazy\" width=\"500\" height=\"375\" src=\"https:\/\/www.stoc-saar-pfalz.net\/wp-content\/uploads\/2019\/05\/image006.jpg\" alt=\"\" data-id=\"1841\" data-link=\"https:\/\/www.stoc-saar-pfalz.net\/?attachment_id=1841\" class=\"wp-image-1841\" srcset=\"https:\/\/www.stoc-saar-pfalz.net\/wp-content\/uploads\/2019\/05\/image006.jpg 500w, https:\/\/www.stoc-saar-pfalz.net\/wp-content\/uploads\/2019\/05\/image006-300x225.jpg 300w\" sizes=\"(max-width: 500px) 100vw, 500px\" \/><\/figure><\/li><li class=\"blocks-gallery-item\"><figure><img loading=\"lazy\" width=\"500\" height=\"375\" src=\"https:\/\/www.stoc-saar-pfalz.net\/wp-content\/uploads\/2019\/05\/image007.jpg\" alt=\"\" data-id=\"1842\" data-link=\"https:\/\/www.stoc-saar-pfalz.net\/?attachment_id=1842\" class=\"wp-image-1842\" srcset=\"https:\/\/www.stoc-saar-pfalz.net\/wp-content\/uploads\/2019\/05\/image007.jpg 500w, https:\/\/www.stoc-saar-pfalz.net\/wp-content\/uploads\/2019\/05\/image007-300x225.jpg 300w\" sizes=\"(max-width: 500px) 100vw, 500px\" \/><\/figure><\/li><li class=\"blocks-gallery-item\"><figure><img loading=\"lazy\" width=\"500\" height=\"375\" src=\"https:\/\/www.stoc-saar-pfalz.net\/wp-content\/uploads\/2019\/05\/image008.jpg\" alt=\"\" data-id=\"1843\" data-link=\"https:\/\/www.stoc-saar-pfalz.net\/?attachment_id=1843\" class=\"wp-image-1843\" srcset=\"https:\/\/www.stoc-saar-pfalz.net\/wp-content\/uploads\/2019\/05\/image008.jpg 500w, https:\/\/www.stoc-saar-pfalz.net\/wp-content\/uploads\/2019\/05\/image008-300x225.jpg 300w\" sizes=\"(max-width: 500px) 100vw, 500px\" \/><\/figure><\/li><li class=\"blocks-gallery-item\"><figure><img loading=\"lazy\" width=\"500\" height=\"375\" src=\"https:\/\/www.stoc-saar-pfalz.net\/wp-content\/uploads\/2019\/05\/image009.jpg\" alt=\"\" data-id=\"1844\" data-link=\"https:\/\/www.stoc-saar-pfalz.net\/?attachment_id=1844\" class=\"wp-image-1844\" srcset=\"https:\/\/www.stoc-saar-pfalz.net\/wp-content\/uploads\/2019\/05\/image009.jpg 500w, https:\/\/www.stoc-saar-pfalz.net\/wp-content\/uploads\/2019\/05\/image009-300x225.jpg 300w\" sizes=\"(max-width: 500px) 100vw, 500px\" \/><\/figure><\/li><li class=\"blocks-gallery-item\"><figure><img loading=\"lazy\" width=\"500\" height=\"375\" src=\"https:\/\/www.stoc-saar-pfalz.net\/wp-content\/uploads\/2019\/05\/image010.jpg\" alt=\"\" data-id=\"1845\" data-link=\"https:\/\/www.stoc-saar-pfalz.net\/?attachment_id=1845\" class=\"wp-image-1845\" srcset=\"https:\/\/www.stoc-saar-pfalz.net\/wp-content\/uploads\/2019\/05\/image010.jpg 500w, https:\/\/www.stoc-saar-pfalz.net\/wp-content\/uploads\/2019\/05\/image010-300x225.jpg 300w\" sizes=\"(max-width: 500px) 100vw, 500px\" \/><\/figure><\/li><li class=\"blocks-gallery-item\"><figure><img loading=\"lazy\" width=\"500\" height=\"375\" src=\"https:\/\/www.stoc-saar-pfalz.net\/wp-content\/uploads\/2019\/05\/image011.jpg\" alt=\"\" data-id=\"1846\" data-link=\"https:\/\/www.stoc-saar-pfalz.net\/?attachment_id=1846\" class=\"wp-image-1846\" srcset=\"https:\/\/www.stoc-saar-pfalz.net\/wp-content\/uploads\/2019\/05\/image011.jpg 500w, https:\/\/www.stoc-saar-pfalz.net\/wp-content\/uploads\/2019\/05\/image011-300x225.jpg 300w\" sizes=\"(max-width: 500px) 100vw, 500px\" \/><\/figure><\/li><li class=\"blocks-gallery-item\"><figure><img loading=\"lazy\" width=\"500\" height=\"375\" src=\"https:\/\/www.stoc-saar-pfalz.net\/wp-content\/uploads\/2019\/05\/image012.jpg\" alt=\"\" data-id=\"1847\" data-link=\"https:\/\/www.stoc-saar-pfalz.net\/?attachment_id=1847\" class=\"wp-image-1847\" srcset=\"https:\/\/www.stoc-saar-pfalz.net\/wp-content\/uploads\/2019\/05\/image012.jpg 500w, https:\/\/www.stoc-saar-pfalz.net\/wp-content\/uploads\/2019\/05\/image012-300x225.jpg 300w\" sizes=\"(max-width: 500px) 100vw, 500px\" \/><\/figure><\/li><\/ul>\n\n\n\n<p><\/p>\n\n\n\n<div class=\"wp-block-flagallery-gallery flagallery-shortcode\"><div class=\"flagallerywraper\" style=\"text-align:center;\"><div class=\"flagallery photomania_skin\" id=\"FlaGallery_sc1_30\" style=\"margin:0 auto;\"><style type=\"text\/css\" class=\"flagallery_skin_style_import\">#FlaGallery_sc1_30 .flagpm_preload {opacity:0;}#FlaGallery_sc1_30 .swiper-big-images img.flagpm_the_photo { max-height:100%; max-width:100%; display:inline; width:auto; height:auto !important; object-fit:unset; vertical-align:middle; border:none; }#FlaGallery_sc1_30 .flagpm_focus .swiper-big-images img.flagpm_the_photo { width:auto; height:auto; object-fit:unset; }#FlaGallery_sc1_30 .swiper-small-images img.flagpm_photo { max-width:none; max-height:none; }#FlaGallery_sc1_30 .swiper-small-images img.flagpm_photo.flagpm_photo_landscape { width:auto; height:100% !important; }#FlaGallery_sc1_30 .swiper-small-images img.flagpm_photo.flagpm_photo_portrait { width:100%; height:auto !important; }#FlaGallery_sc1_30 .flagpm_gallery_sources_list p { margin:7px 0; padding:0; font-size:inherit; }#FlaGallery_sc1_30 .flagpm_photo_details .flagpm_description_wrap a,#FlaGallery_sc1_30 .flagpm_big_button_wrap .flagpm_button.flagpm_like.flagpm_liked,#FlaGallery_sc1_30 .flagpm_big_button_wrap .flagpm_button.flagpm_like.flagpm_liked:hover {color:#0099e5;}#FlaGallery_sc1_30 .flagpm_photo_show .flagpm_big_button {background-color:#0099e5;}#FlaGallery_sc1_30 .swiper-small-images div.flagpm_photo.swiper-slide-active {border-color:#02adea;}#FlaGallery_sc1_30 .flagpm_photo_header .flagpm_name_wrap .flagpm_title_author a:hover,#FlaGallery_sc1_30 .flagpm_photo_details .flagpm_description_wrap a:hover {color:#02adea;}#FlaGallery_sc1_30 .flagpm_photo_show .flagpm_big_button:hover,#FlaGallery_sc1_30 .flagpm_focus_actions ul .flagpm_button.like.flagpm_liked {background-color:#02adea;}<\/style> <div class=\"flagpm_photo_show flagpm_w960 flagpm_w640 flagpm_w480 flagpm_preload\"> <div class=\"flagpm_photo_wrap has_prev_photo has_next_photo\"> <div class=\"swiper-container swiper-big-images\"> <div class=\"flagpm_photo_arrow_next flagpm_photo_arrow flagpm_next\"> <div title=\"Next\" class=\"flagpm_arrow\"><\/div> <\/div> <div class=\"flagpm_photo_arrow_previous flagpm_photo_arrow flagpm_prev\"> <div title=\"Previous\" class=\"flagpm_arrow\"><\/div> <\/div> <div class=\"swiper-wrapper\"><div class=\"swiper-slide\" data-hash=\"flagallery1863\" data-photo-id=\"1863\"><span class=\"flagpm_va\"><\/span><img src=\"https:\/\/www.stoc-saar-pfalz.net\/wp-content\/flagallery\/saisoneroeffnung-2009\/webview\/b8.jpg\" data-src=\"https:\/\/www.stoc-saar-pfalz.net\/wp-content\/flagallery\/saisoneroeffnung-2009\/webview\/b8.jpg\" alt=\"\" class=\"noLazy flagpm_the_photo swiper-lazy\"><div class=\"swiper-lazy-preloader swiper-lazy-preloader-black\"><\/div><\/div><div class=\"swiper-slide\" data-hash=\"flagallery1864\" data-photo-id=\"1864\"><span class=\"flagpm_va\"><\/span><img data-src=\"https:\/\/www.stoc-saar-pfalz.net\/wp-content\/flagallery\/saisoneroeffnung-2009\/webview\/b13.jpg\" alt=\"\" class=\"noLazy flagpm_the_photo swiper-lazy\"><div class=\"swiper-lazy-preloader swiper-lazy-preloader-black\"><\/div><\/div><div class=\"swiper-slide\" data-hash=\"flagallery1865\" data-photo-id=\"1865\"><span class=\"flagpm_va\"><\/span><img data-src=\"https:\/\/www.stoc-saar-pfalz.net\/wp-content\/flagallery\/saisoneroeffnung-2009\/webview\/b14.jpg\" alt=\"\" class=\"noLazy flagpm_the_photo swiper-lazy\"><div class=\"swiper-lazy-preloader swiper-lazy-preloader-black\"><\/div><\/div><div class=\"swiper-slide\" data-hash=\"flagallery1866\" data-photo-id=\"1866\"><span class=\"flagpm_va\"><\/span><img data-src=\"https:\/\/www.stoc-saar-pfalz.net\/wp-content\/flagallery\/saisoneroeffnung-2009\/webview\/b16.jpg\" alt=\"\" class=\"noLazy flagpm_the_photo swiper-lazy\"><div class=\"swiper-lazy-preloader swiper-lazy-preloader-black\"><\/div><\/div><div class=\"swiper-slide\" data-hash=\"flagallery1867\" data-photo-id=\"1867\"><span class=\"flagpm_va\"><\/span><img data-src=\"https:\/\/www.stoc-saar-pfalz.net\/wp-content\/flagallery\/saisoneroeffnung-2009\/webview\/image001.jpg\" alt=\"\" class=\"noLazy flagpm_the_photo swiper-lazy\"><div class=\"swiper-lazy-preloader swiper-lazy-preloader-black\"><\/div><\/div><div class=\"swiper-slide\" data-hash=\"flagallery1868\" data-photo-id=\"1868\"><span class=\"flagpm_va\"><\/span><img data-src=\"https:\/\/www.stoc-saar-pfalz.net\/wp-content\/flagallery\/saisoneroeffnung-2009\/webview\/image002.jpg\" alt=\"\" class=\"noLazy flagpm_the_photo swiper-lazy\"><div class=\"swiper-lazy-preloader swiper-lazy-preloader-black\"><\/div><\/div><div class=\"swiper-slide\" data-hash=\"flagallery1869\" data-photo-id=\"1869\"><span class=\"flagpm_va\"><\/span><img data-src=\"https:\/\/www.stoc-saar-pfalz.net\/wp-content\/flagallery\/saisoneroeffnung-2009\/webview\/image003.jpg\" alt=\"\" class=\"noLazy flagpm_the_photo swiper-lazy\"><div class=\"swiper-lazy-preloader swiper-lazy-preloader-black\"><\/div><\/div><div class=\"swiper-slide\" data-hash=\"flagallery1870\" data-photo-id=\"1870\"><span class=\"flagpm_va\"><\/span><img data-src=\"https:\/\/www.stoc-saar-pfalz.net\/wp-content\/flagallery\/saisoneroeffnung-2009\/webview\/image004.jpg\" alt=\"\" class=\"noLazy flagpm_the_photo swiper-lazy\"><div class=\"swiper-lazy-preloader swiper-lazy-preloader-black\"><\/div><\/div><div class=\"swiper-slide\" data-hash=\"flagallery1871\" data-photo-id=\"1871\"><span class=\"flagpm_va\"><\/span><img data-src=\"https:\/\/www.stoc-saar-pfalz.net\/wp-content\/flagallery\/saisoneroeffnung-2009\/webview\/image005.jpg\" alt=\"\" class=\"noLazy flagpm_the_photo swiper-lazy\"><div class=\"swiper-lazy-preloader swiper-lazy-preloader-black\"><\/div><\/div><div class=\"swiper-slide\" data-hash=\"flagallery1872\" data-photo-id=\"1872\"><span class=\"flagpm_va\"><\/span><img data-src=\"https:\/\/www.stoc-saar-pfalz.net\/wp-content\/flagallery\/saisoneroeffnung-2009\/webview\/image007.jpg\" alt=\"\" class=\"noLazy flagpm_the_photo swiper-lazy\"><div class=\"swiper-lazy-preloader swiper-lazy-preloader-black\"><\/div><\/div><div class=\"swiper-slide\" data-hash=\"flagallery1873\" data-photo-id=\"1873\"><span class=\"flagpm_va\"><\/span><img data-src=\"https:\/\/www.stoc-saar-pfalz.net\/wp-content\/flagallery\/saisoneroeffnung-2009\/webview\/image006.jpg\" alt=\"\" class=\"noLazy flagpm_the_photo swiper-lazy\"><div class=\"swiper-lazy-preloader swiper-lazy-preloader-black\"><\/div><\/div><div class=\"swiper-slide\" data-hash=\"flagallery1874\" data-photo-id=\"1874\"><span class=\"flagpm_va\"><\/span><img data-src=\"https:\/\/www.stoc-saar-pfalz.net\/wp-content\/flagallery\/saisoneroeffnung-2009\/webview\/image008.jpg\" alt=\"\" class=\"noLazy flagpm_the_photo swiper-lazy\"><div class=\"swiper-lazy-preloader swiper-lazy-preloader-black\"><\/div><\/div><div class=\"swiper-slide\" data-hash=\"flagallery1875\" data-photo-id=\"1875\"><span class=\"flagpm_va\"><\/span><img data-src=\"https:\/\/www.stoc-saar-pfalz.net\/wp-content\/flagallery\/saisoneroeffnung-2009\/webview\/image009.jpg\" alt=\"\" class=\"noLazy flagpm_the_photo swiper-lazy\"><div class=\"swiper-lazy-preloader swiper-lazy-preloader-black\"><\/div><\/div><div class=\"swiper-slide\" data-hash=\"flagallery1876\" data-photo-id=\"1876\"><span class=\"flagpm_va\"><\/span><img data-src=\"https:\/\/www.stoc-saar-pfalz.net\/wp-content\/flagallery\/saisoneroeffnung-2009\/webview\/image010.jpg\" alt=\"\" class=\"noLazy flagpm_the_photo swiper-lazy\"><div class=\"swiper-lazy-preloader swiper-lazy-preloader-black\"><\/div><\/div><div class=\"swiper-slide\" data-hash=\"flagallery1877\" data-photo-id=\"1877\"><span class=\"flagpm_va\"><\/span><img data-src=\"https:\/\/www.stoc-saar-pfalz.net\/wp-content\/flagallery\/saisoneroeffnung-2009\/webview\/image011.jpg\" alt=\"\" class=\"noLazy flagpm_the_photo swiper-lazy\"><div class=\"swiper-lazy-preloader swiper-lazy-preloader-black\"><\/div><\/div><div class=\"swiper-slide\" data-hash=\"flagallery1878\" data-photo-id=\"1878\"><span class=\"flagpm_va\"><\/span><img data-src=\"https:\/\/www.stoc-saar-pfalz.net\/wp-content\/flagallery\/saisoneroeffnung-2009\/webview\/image012.jpg\" alt=\"\" class=\"noLazy flagpm_the_photo swiper-lazy\"><div class=\"swiper-lazy-preloader swiper-lazy-preloader-black\"><\/div><\/div> <\/div> <\/div> <\/div> <div class=\"flagpm_photo_header\"> <div class=\"flagpm_wrapper flagpm_clearfix\"> <div class=\"flagpm_focus_actions\"> <ul class=\"flagpm_focus_share\"> <li style=\"list-style:none;\" class=\"flagpm_share_wrapper\"> <a class=\"flagpm_button flagpm_share\">Share<\/a> <ul class=\"flagpm_sharelizers flagpm_clearfix\"> <li style=\"list-style:none;\"><a class=\"flagpm_button flagpm_facebook flagpm_sharelizer\">Facebook<\/a><\/li> <li style=\"list-style:none;\"><a class=\"flagpm_button flagpm_twitter flagpm_sharelizer\">Twitter<\/a><\/li> <li style=\"list-style:none;\"><a class=\"flagpm_button flagpm_pinterest flagpm_sharelizer\">Pinterest<\/a><\/li> <li style=\"list-style:none;\"><a class=\"flagpm_button flagpm_stumbleupon flagpm_sharelizer\">StumbleUpon<\/a><\/li> <\/ul> <\/li> <\/ul> <ul class=\"flagpm_focus_like_fave flagpm_clearfix\"> <li style=\"list-style:none;\"><a class=\"flagpm_button flagpm_like\">Like<\/a><\/li> <\/ul> <ul class=\"flagpm_focus_arrows flagpm_clearfix\"> <li style=\"list-style:none;\"><a class=\"flagpm_button flagpm_photo_arrow_previous flagpm_prev\">Previous<\/a><\/li> <li style=\"list-style:none;\"><a class=\"flagpm_button flagpm_photo_arrow_next flagpm_next\">Next<\/a><\/li> <\/ul> <\/div> <div class=\"flagpm_name_wrap flagpm_clearfix flagpm_no_avatar\"> <div class=\"flagpm_title_author\"> <div class=\"flagpm_title\"><\/div> <\/div> <\/div> <div class=\"flagpm_actions flagpm_clearfix\"> <div class=\"flagpm_carousel flagpm_has_previous flagpm_has_next\"> <div class=\"flagpm_previous_button\"><\/div> <div class=\"flagpm_photo_carousel\"> <div class=\"swiper-container swiper-small-images\"> <div class=\"swiper-wrapper\"><div class=\"swiper-slide flagpm_photo\" data-photo-id=\"1863\"><img src=\"https:\/\/www.stoc-saar-pfalz.net\/wp-content\/flagallery\/saisoneroeffnung-2009\/thumbs\/thumbs_b8.jpg\" data-src=\"https:\/\/www.stoc-saar-pfalz.net\/wp-content\/flagallery\/saisoneroeffnung-2009\/thumbs\/thumbs_b8.jpg\" alt=\"\" class=\"noLazy flagpm_photo swiper-lazy flagpm_photo_landscape\"><span class=\"swiper-lazy-preloader swiper-lazy-preloader-black\"><\/span><\/div><div class=\"swiper-slide flagpm_photo\" data-photo-id=\"1864\"><img data-src=\"https:\/\/www.stoc-saar-pfalz.net\/wp-content\/flagallery\/saisoneroeffnung-2009\/thumbs\/thumbs_b13.jpg\" alt=\"\" class=\"noLazy flagpm_photo swiper-lazy flagpm_photo_landscape\"><span class=\"swiper-lazy-preloader swiper-lazy-preloader-black\"><\/span><\/div><div class=\"swiper-slide flagpm_photo\" data-photo-id=\"1865\"><img data-src=\"https:\/\/www.stoc-saar-pfalz.net\/wp-content\/flagallery\/saisoneroeffnung-2009\/thumbs\/thumbs_b14.jpg\" alt=\"\" class=\"noLazy flagpm_photo swiper-lazy flagpm_photo_landscape\"><span class=\"swiper-lazy-preloader swiper-lazy-preloader-black\"><\/span><\/div><div class=\"swiper-slide flagpm_photo\" data-photo-id=\"1866\"><img data-src=\"https:\/\/www.stoc-saar-pfalz.net\/wp-content\/flagallery\/saisoneroeffnung-2009\/thumbs\/thumbs_b16.jpg\" alt=\"\" class=\"noLazy flagpm_photo swiper-lazy flagpm_photo_landscape\"><span class=\"swiper-lazy-preloader swiper-lazy-preloader-black\"><\/span><\/div><div class=\"swiper-slide flagpm_photo\" data-photo-id=\"1867\"><img data-src=\"https:\/\/www.stoc-saar-pfalz.net\/wp-content\/flagallery\/saisoneroeffnung-2009\/thumbs\/thumbs_image001.jpg\" alt=\"\" class=\"noLazy flagpm_photo swiper-lazy flagpm_photo_landscape\"><span class=\"swiper-lazy-preloader swiper-lazy-preloader-black\"><\/span><\/div><div class=\"swiper-slide flagpm_photo\" data-photo-id=\"1868\"><img data-src=\"https:\/\/www.stoc-saar-pfalz.net\/wp-content\/flagallery\/saisoneroeffnung-2009\/thumbs\/thumbs_image002.jpg\" alt=\"\" class=\"noLazy flagpm_photo swiper-lazy flagpm_photo_landscape\"><span class=\"swiper-lazy-preloader swiper-lazy-preloader-black\"><\/span><\/div><div class=\"swiper-slide flagpm_photo\" data-photo-id=\"1869\"><img data-src=\"https:\/\/www.stoc-saar-pfalz.net\/wp-content\/flagallery\/saisoneroeffnung-2009\/thumbs\/thumbs_image003.jpg\" alt=\"\" class=\"noLazy flagpm_photo swiper-lazy flagpm_photo_landscape\"><span class=\"swiper-lazy-preloader swiper-lazy-preloader-black\"><\/span><\/div><div class=\"swiper-slide flagpm_photo\" data-photo-id=\"1870\"><img data-src=\"https:\/\/www.stoc-saar-pfalz.net\/wp-content\/flagallery\/saisoneroeffnung-2009\/thumbs\/thumbs_image004.jpg\" alt=\"\" class=\"noLazy flagpm_photo swiper-lazy flagpm_photo_landscape\"><span class=\"swiper-lazy-preloader swiper-lazy-preloader-black\"><\/span><\/div><div class=\"swiper-slide flagpm_photo\" data-photo-id=\"1871\"><img data-src=\"https:\/\/www.stoc-saar-pfalz.net\/wp-content\/flagallery\/saisoneroeffnung-2009\/thumbs\/thumbs_image005.jpg\" alt=\"\" class=\"noLazy flagpm_photo swiper-lazy flagpm_photo_landscape\"><span class=\"swiper-lazy-preloader swiper-lazy-preloader-black\"><\/span><\/div><div class=\"swiper-slide flagpm_photo\" data-photo-id=\"1872\"><img data-src=\"https:\/\/www.stoc-saar-pfalz.net\/wp-content\/flagallery\/saisoneroeffnung-2009\/thumbs\/thumbs_image007.jpg\" alt=\"\" class=\"noLazy flagpm_photo swiper-lazy flagpm_photo_landscape\"><span class=\"swiper-lazy-preloader swiper-lazy-preloader-black\"><\/span><\/div><div class=\"swiper-slide flagpm_photo\" data-photo-id=\"1873\"><img data-src=\"https:\/\/www.stoc-saar-pfalz.net\/wp-content\/flagallery\/saisoneroeffnung-2009\/thumbs\/thumbs_image006.jpg\" alt=\"\" class=\"noLazy flagpm_photo swiper-lazy flagpm_photo_landscape\"><span class=\"swiper-lazy-preloader swiper-lazy-preloader-black\"><\/span><\/div><div class=\"swiper-slide flagpm_photo\" data-photo-id=\"1874\"><img data-src=\"https:\/\/www.stoc-saar-pfalz.net\/wp-content\/flagallery\/saisoneroeffnung-2009\/thumbs\/thumbs_image008.jpg\" alt=\"\" class=\"noLazy flagpm_photo swiper-lazy flagpm_photo_landscape\"><span class=\"swiper-lazy-preloader swiper-lazy-preloader-black\"><\/span><\/div><div class=\"swiper-slide flagpm_photo\" data-photo-id=\"1875\"><img data-src=\"https:\/\/www.stoc-saar-pfalz.net\/wp-content\/flagallery\/saisoneroeffnung-2009\/thumbs\/thumbs_image009.jpg\" alt=\"\" class=\"noLazy flagpm_photo swiper-lazy flagpm_photo_landscape\"><span class=\"swiper-lazy-preloader swiper-lazy-preloader-black\"><\/span><\/div><div class=\"swiper-slide flagpm_photo\" data-photo-id=\"1876\"><img data-src=\"https:\/\/www.stoc-saar-pfalz.net\/wp-content\/flagallery\/saisoneroeffnung-2009\/thumbs\/thumbs_image010.jpg\" alt=\"\" class=\"noLazy flagpm_photo swiper-lazy flagpm_photo_landscape\"><span class=\"swiper-lazy-preloader swiper-lazy-preloader-black\"><\/span><\/div><div class=\"swiper-slide flagpm_photo\" data-photo-id=\"1877\"><img data-src=\"https:\/\/www.stoc-saar-pfalz.net\/wp-content\/flagallery\/saisoneroeffnung-2009\/thumbs\/thumbs_image011.jpg\" alt=\"\" class=\"noLazy flagpm_photo swiper-lazy flagpm_photo_landscape\"><span class=\"swiper-lazy-preloader swiper-lazy-preloader-black\"><\/span><\/div><div class=\"swiper-slide flagpm_photo\" data-photo-id=\"1878\"><img data-src=\"https:\/\/www.stoc-saar-pfalz.net\/wp-content\/flagallery\/saisoneroeffnung-2009\/thumbs\/thumbs_image012.jpg\" alt=\"\" class=\"noLazy flagpm_photo swiper-lazy flagpm_photo_landscape\"><span class=\"swiper-lazy-preloader swiper-lazy-preloader-black\"><\/span><\/div> <\/div> <\/div> <\/div> <div class=\"flagpm_next_button\"><\/div> <\/div> <div class=\"flagpm_big_button_wrap\"> <div class=\"flagpm_share_wrapper\"> <a class=\"flagpm_button flagpm_share\">Share<\/a> <div class=\"flagpm_sharelizers_wrap\"> <ul class=\"flagpm_sharelizers\"> <li style=\"list-style:none;\"><a class=\"flagpm_button flagpm_facebook flagpm_sharelizer\">Facebook<\/a><\/li> <li style=\"list-style:none;\"><a class=\"flagpm_button flagpm_twitter flagpm_sharelizer\">Twitter<\/a><\/li> <li style=\"list-style:none;\"><a class=\"flagpm_button flagpm_pinterest flagpm_sharelizer\">Pinterest<\/a><\/li> <li style=\"list-style:none;\"><a class=\"flagpm_button flagpm_stumbleupon flagpm_sharelizer\">StumbleUpon<\/a><\/li> <\/ul> <\/div> <\/div> <a class=\"flagpm_button flagpm_like\">Like<\/a> <\/div> <div class=\"flagpm_big_button_wrap\"> <a class=\"flagpm_big_button flagpm_download_button\" href=\"https:\/\/www.stoc-saar-pfalz.net\/wp-content\/flagallery\/saisoneroeffnung-2009\/b8.jpg\" download=\"b8.jpg\"> <span class=\"flagpm_icon\"><\/span> <span class=\"flagpm_label\">Download<\/span> <\/a> <\/div> <div class=\"flagpm_big_button_wrap\"> <a class=\"flagpm_big_button flagpm_link_button flagpm_inactive\" > <span class=\"flagpm_icon\"><\/span> <span class=\"flagpm_label\">Open Link<\/span> <\/a> <\/div> <\/div> <\/div> <\/div> <div class=\"flagpm_focus_close_full\"> <span><a class=\"flagpm_button flagpm_close\">Close<\/a><\/span> <span><a class=\"flagpm_button flagpm_full\">Full<\/a><\/span> <\/div> <div class=\"flagpm_photo_details\"> <div class=\"flagpm_description_wrap empty-item-description\"> <div class=\"details_title\">Beschreibung<\/div> <div class=\"flagpm_description_text_wrap\"> <div class=\"flagpm_slide_description\"><\/div> <\/div> <\/div> <\/div> <div class=\"flagpm_focus_footer\"> <div class=\"flagpm_focus_keyboard\"> <div class=\"flagpm_focus_keyboard_title\">Keyboard Shortcuts <a class=\"flagpm_focus_keyboard_dismiss\">Dismiss<\/a><\/div> <ul> <li style=\"list-style:none;\"><a data-key=\"p\" class=\"flagpm_key\">S<\/a><span class=\"flagpm_label\">Slideshow<\/span><\/li> <li style=\"list-style:none;\"><a data-key=\"m\" class=\"flagpm_key\">M<\/a><span class=\"flagpm_label\">Maximize<\/span><\/li> <li style=\"list-style:none;\"><a data-key=\"left\" class=\"flagpm_key\">&nbsp;<\/a><span class=\"flagpm_label\">Previous<\/span><\/li> <li style=\"list-style:none;\"><a data-key=\"right\" class=\"flagpm_key\">&nbsp;<\/a><span class=\"flagpm_label\">Next<\/span><\/li> <li style=\"list-style:none;\"><a data-key=\"escape\" class=\"flagpm_key flagpm_esc\">esc<\/a><span class=\"flagpm_label\">Close<\/span><\/li> <\/ul> <\/div> <\/div> <\/div> <script type=\"text\/javascript\"> jQuery(function($) { var settings = {\"base_gallery_width\":\"800\",\"base_gallery_height\":\"500\",\"gallery_min_height\":\"230\",\"scale_mode\":\"fit\",\"initial_slide\":0,\"slideshow_autoplay\":\"0\",\"slideshow_delay\":\"7000\",\"gallery_focus\":\"0\",\"gallery_maximized\":\"0\",\"gallery_focus_maximized\":\"0\",\"keyboard_help\":\"1\",\"show_download_button\":\"1\",\"show_link_button\":\"1\",\"show_description\":\"1\",\"show_share_button\":\"1\",\"show_like_button\":\"1\",\"link_color\":\"#0099e5\",\"link_color_hover\":\"#02adea\",\"download_button_text\":\"Download\",\"link_button_text\":\"Open Link\",\"description_title\":\"Beschreibung\",\"key\":\"c47ac2d2726864f32b2a1ad4cdc0988a\",\"name\":\"GRANDPackPlus\",\"gallID\":\"sc1_30\"}; var content = {\"data\":[{\"id\":\"1863\",\"image\":\"https:\\\/\\\/www.stoc-saar-pfalz.net\\\/wp-content\\\/flagallery\\\/saisoneroeffnung-2009\\\/webview\\\/b8.jpg\",\"thumb\":\"https:\\\/\\\/www.stoc-saar-pfalz.net\\\/wp-content\\\/flagallery\\\/saisoneroeffnung-2009\\\/thumbs\\\/thumbs_b8.jpg\",\"file\":\"b8.jpg\",\"meta\":{\"aperture\":false,\"credit\":false,\"camera\":false,\"caption\":false,\"created_timestamp\":false,\"copyright\":false,\"focal_length\":false,\"iso\":false,\"shutter_speed\":false,\"flash\":false,\"title\":false,\"keywords\":false,\"width\":375,\"height\":281,\"saved\":true,\"thumbnail\":{\"width\":400,\"height\":300},\"webview\":{\"0\":375,\"1\":281,\"2\":2,\"3\":\"width=\\\"375\\\" height=\\\"281\\\"\",\"bits\":8,\"channels\":3,\"mime\":\"image\\\/jpeg\"},\"views\":\"39\",\"likes\":\"0\"},\"title\":\"\",\"description\":\"\",\"link\":null,\"link_target\":\"\",\"download\":\"https:\\\/\\\/www.stoc-saar-pfalz.net\\\/wp-content\\\/flagallery\\\/saisoneroeffnung-2009\\\/b8.jpg\",\"ratio\":1.3345195729537367},{\"id\":\"1864\",\"image\":\"https:\\\/\\\/www.stoc-saar-pfalz.net\\\/wp-content\\\/flagallery\\\/saisoneroeffnung-2009\\\/webview\\\/b13.jpg\",\"thumb\":\"https:\\\/\\\/www.stoc-saar-pfalz.net\\\/wp-content\\\/flagallery\\\/saisoneroeffnung-2009\\\/thumbs\\\/thumbs_b13.jpg\",\"file\":\"b13.jpg\",\"meta\":{\"aperture\":false,\"credit\":false,\"camera\":false,\"caption\":false,\"created_timestamp\":false,\"copyright\":false,\"focal_length\":false,\"iso\":false,\"shutter_speed\":false,\"flash\":false,\"title\":false,\"keywords\":false,\"width\":375,\"height\":281,\"saved\":true,\"thumbnail\":{\"width\":400,\"height\":300},\"webview\":{\"0\":375,\"1\":281,\"2\":2,\"3\":\"width=\\\"375\\\" height=\\\"281\\\"\",\"bits\":8,\"channels\":3,\"mime\":\"image\\\/jpeg\"},\"views\":\"3\",\"likes\":\"0\"},\"title\":\"\",\"description\":\"\",\"link\":null,\"link_target\":\"\",\"download\":\"https:\\\/\\\/www.stoc-saar-pfalz.net\\\/wp-content\\\/flagallery\\\/saisoneroeffnung-2009\\\/b13.jpg\",\"ratio\":1.3345195729537367},{\"id\":\"1865\",\"image\":\"https:\\\/\\\/www.stoc-saar-pfalz.net\\\/wp-content\\\/flagallery\\\/saisoneroeffnung-2009\\\/webview\\\/b14.jpg\",\"thumb\":\"https:\\\/\\\/www.stoc-saar-pfalz.net\\\/wp-content\\\/flagallery\\\/saisoneroeffnung-2009\\\/thumbs\\\/thumbs_b14.jpg\",\"file\":\"b14.jpg\",\"meta\":{\"aperture\":false,\"credit\":false,\"camera\":false,\"caption\":false,\"created_timestamp\":false,\"copyright\":false,\"focal_length\":false,\"iso\":false,\"shutter_speed\":false,\"flash\":false,\"title\":false,\"keywords\":false,\"width\":375,\"height\":281,\"saved\":true,\"thumbnail\":{\"width\":400,\"height\":300},\"webview\":{\"0\":375,\"1\":281,\"2\":2,\"3\":\"width=\\\"375\\\" height=\\\"281\\\"\",\"bits\":8,\"channels\":3,\"mime\":\"image\\\/jpeg\"},\"views\":\"2\",\"likes\":\"0\"},\"title\":\"\",\"description\":\"\",\"link\":null,\"link_target\":\"\",\"download\":\"https:\\\/\\\/www.stoc-saar-pfalz.net\\\/wp-content\\\/flagallery\\\/saisoneroeffnung-2009\\\/b14.jpg\",\"ratio\":1.3345195729537367},{\"id\":\"1866\",\"image\":\"https:\\\/\\\/www.stoc-saar-pfalz.net\\\/wp-content\\\/flagallery\\\/saisoneroeffnung-2009\\\/webview\\\/b16.jpg\",\"thumb\":\"https:\\\/\\\/www.stoc-saar-pfalz.net\\\/wp-content\\\/flagallery\\\/saisoneroeffnung-2009\\\/thumbs\\\/thumbs_b16.jpg\",\"file\":\"b16.jpg\",\"meta\":{\"aperture\":false,\"credit\":false,\"camera\":false,\"caption\":false,\"created_timestamp\":false,\"copyright\":false,\"focal_length\":false,\"iso\":false,\"shutter_speed\":false,\"flash\":false,\"title\":false,\"keywords\":false,\"width\":375,\"height\":281,\"saved\":true,\"thumbnail\":{\"width\":400,\"height\":300},\"webview\":{\"0\":375,\"1\":281,\"2\":2,\"3\":\"width=\\\"375\\\" height=\\\"281\\\"\",\"bits\":8,\"channels\":3,\"mime\":\"image\\\/jpeg\"},\"views\":\"2\",\"likes\":\"0\"},\"title\":\"\",\"description\":\"\",\"link\":null,\"link_target\":\"\",\"download\":\"https:\\\/\\\/www.stoc-saar-pfalz.net\\\/wp-content\\\/flagallery\\\/saisoneroeffnung-2009\\\/b16.jpg\",\"ratio\":1.3345195729537367},{\"id\":\"1867\",\"image\":\"https:\\\/\\\/www.stoc-saar-pfalz.net\\\/wp-content\\\/flagallery\\\/saisoneroeffnung-2009\\\/webview\\\/image001.jpg\",\"thumb\":\"https:\\\/\\\/www.stoc-saar-pfalz.net\\\/wp-content\\\/flagallery\\\/saisoneroeffnung-2009\\\/thumbs\\\/thumbs_image001.jpg\",\"file\":\"image001.jpg\",\"meta\":{\"aperture\":false,\"credit\":false,\"camera\":false,\"caption\":false,\"created_timestamp\":false,\"copyright\":false,\"focal_length\":false,\"iso\":false,\"shutter_speed\":false,\"flash\":false,\"title\":false,\"keywords\":false,\"width\":500,\"height\":375,\"saved\":true,\"thumbnail\":{\"width\":400,\"height\":300},\"webview\":{\"0\":500,\"1\":375,\"2\":2,\"3\":\"width=\\\"500\\\" height=\\\"375\\\"\",\"bits\":8,\"channels\":3,\"mime\":\"image\\\/jpeg\"},\"views\":\"3\",\"likes\":\"0\"},\"title\":\"\",\"description\":\"\",\"link\":null,\"link_target\":\"\",\"download\":\"https:\\\/\\\/www.stoc-saar-pfalz.net\\\/wp-content\\\/flagallery\\\/saisoneroeffnung-2009\\\/image001.jpg\",\"ratio\":1.3333333333333333},{\"id\":\"1868\",\"image\":\"https:\\\/\\\/www.stoc-saar-pfalz.net\\\/wp-content\\\/flagallery\\\/saisoneroeffnung-2009\\\/webview\\\/image002.jpg\",\"thumb\":\"https:\\\/\\\/www.stoc-saar-pfalz.net\\\/wp-content\\\/flagallery\\\/saisoneroeffnung-2009\\\/thumbs\\\/thumbs_image002.jpg\",\"file\":\"image002.jpg\",\"meta\":{\"aperture\":false,\"credit\":false,\"camera\":false,\"caption\":false,\"created_timestamp\":false,\"copyright\":false,\"focal_length\":false,\"iso\":false,\"shutter_speed\":false,\"flash\":false,\"title\":false,\"keywords\":false,\"width\":500,\"height\":375,\"saved\":true,\"thumbnail\":{\"width\":400,\"height\":300},\"webview\":{\"0\":500,\"1\":375,\"2\":2,\"3\":\"width=\\\"500\\\" height=\\\"375\\\"\",\"bits\":8,\"channels\":3,\"mime\":\"image\\\/jpeg\"},\"views\":\"1\",\"likes\":\"0\"},\"title\":\"\",\"description\":\"\",\"link\":null,\"link_target\":\"\",\"download\":\"https:\\\/\\\/www.stoc-saar-pfalz.net\\\/wp-content\\\/flagallery\\\/saisoneroeffnung-2009\\\/image002.jpg\",\"ratio\":1.3333333333333333},{\"id\":\"1869\",\"image\":\"https:\\\/\\\/www.stoc-saar-pfalz.net\\\/wp-content\\\/flagallery\\\/saisoneroeffnung-2009\\\/webview\\\/image003.jpg\",\"thumb\":\"https:\\\/\\\/www.stoc-saar-pfalz.net\\\/wp-content\\\/flagallery\\\/saisoneroeffnung-2009\\\/thumbs\\\/thumbs_image003.jpg\",\"file\":\"image003.jpg\",\"meta\":{\"aperture\":false,\"credit\":false,\"camera\":false,\"caption\":false,\"created_timestamp\":false,\"copyright\":false,\"focal_length\":false,\"iso\":false,\"shutter_speed\":false,\"flash\":false,\"title\":false,\"keywords\":false,\"width\":500,\"height\":375,\"saved\":true,\"thumbnail\":{\"width\":400,\"height\":300},\"webview\":{\"0\":500,\"1\":375,\"2\":2,\"3\":\"width=\\\"500\\\" height=\\\"375\\\"\",\"bits\":8,\"channels\":3,\"mime\":\"image\\\/jpeg\"},\"views\":\"2\",\"likes\":\"0\"},\"title\":\"\",\"description\":\"\",\"link\":null,\"link_target\":\"\",\"download\":\"https:\\\/\\\/www.stoc-saar-pfalz.net\\\/wp-content\\\/flagallery\\\/saisoneroeffnung-2009\\\/image003.jpg\",\"ratio\":1.3333333333333333},{\"id\":\"1870\",\"image\":\"https:\\\/\\\/www.stoc-saar-pfalz.net\\\/wp-content\\\/flagallery\\\/saisoneroeffnung-2009\\\/webview\\\/image004.jpg\",\"thumb\":\"https:\\\/\\\/www.stoc-saar-pfalz.net\\\/wp-content\\\/flagallery\\\/saisoneroeffnung-2009\\\/thumbs\\\/thumbs_image004.jpg\",\"file\":\"image004.jpg\",\"meta\":{\"aperture\":false,\"credit\":false,\"camera\":false,\"caption\":false,\"created_timestamp\":false,\"copyright\":false,\"focal_length\":false,\"iso\":false,\"shutter_speed\":false,\"flash\":false,\"title\":false,\"keywords\":false,\"width\":500,\"height\":375,\"saved\":true,\"thumbnail\":{\"width\":400,\"height\":300},\"webview\":{\"0\":500,\"1\":375,\"2\":2,\"3\":\"width=\\\"500\\\" height=\\\"375\\\"\",\"bits\":8,\"channels\":3,\"mime\":\"image\\\/jpeg\"},\"views\":\"1\",\"likes\":\"0\"},\"title\":\"\",\"description\":\"\",\"link\":null,\"link_target\":\"\",\"download\":\"https:\\\/\\\/www.stoc-saar-pfalz.net\\\/wp-content\\\/flagallery\\\/saisoneroeffnung-2009\\\/image004.jpg\",\"ratio\":1.3333333333333333},{\"id\":\"1871\",\"image\":\"https:\\\/\\\/www.stoc-saar-pfalz.net\\\/wp-content\\\/flagallery\\\/saisoneroeffnung-2009\\\/webview\\\/image005.jpg\",\"thumb\":\"https:\\\/\\\/www.stoc-saar-pfalz.net\\\/wp-content\\\/flagallery\\\/saisoneroeffnung-2009\\\/thumbs\\\/thumbs_image005.jpg\",\"file\":\"image005.jpg\",\"meta\":{\"aperture\":false,\"credit\":false,\"camera\":false,\"caption\":false,\"created_timestamp\":false,\"copyright\":false,\"focal_length\":false,\"iso\":false,\"shutter_speed\":false,\"flash\":false,\"title\":false,\"keywords\":false,\"width\":500,\"height\":375,\"saved\":true,\"thumbnail\":{\"width\":400,\"height\":300},\"webview\":{\"0\":500,\"1\":375,\"2\":2,\"3\":\"width=\\\"500\\\" height=\\\"375\\\"\",\"bits\":8,\"channels\":3,\"mime\":\"image\\\/jpeg\"},\"views\":\"2\",\"likes\":\"0\"},\"title\":\"\",\"description\":\"\",\"link\":null,\"link_target\":\"\",\"download\":\"https:\\\/\\\/www.stoc-saar-pfalz.net\\\/wp-content\\\/flagallery\\\/saisoneroeffnung-2009\\\/image005.jpg\",\"ratio\":1.3333333333333333},{\"id\":\"1872\",\"image\":\"https:\\\/\\\/www.stoc-saar-pfalz.net\\\/wp-content\\\/flagallery\\\/saisoneroeffnung-2009\\\/webview\\\/image007.jpg\",\"thumb\":\"https:\\\/\\\/www.stoc-saar-pfalz.net\\\/wp-content\\\/flagallery\\\/saisoneroeffnung-2009\\\/thumbs\\\/thumbs_image007.jpg\",\"file\":\"image007.jpg\",\"meta\":{\"aperture\":false,\"credit\":false,\"camera\":false,\"caption\":false,\"created_timestamp\":false,\"copyright\":false,\"focal_length\":false,\"iso\":false,\"shutter_speed\":false,\"flash\":false,\"title\":false,\"keywords\":false,\"width\":500,\"height\":375,\"saved\":true,\"thumbnail\":{\"width\":400,\"height\":300},\"webview\":{\"0\":500,\"1\":375,\"2\":2,\"3\":\"width=\\\"500\\\" height=\\\"375\\\"\",\"bits\":8,\"channels\":3,\"mime\":\"image\\\/jpeg\"},\"views\":\"2\",\"likes\":\"0\"},\"title\":\"\",\"description\":\"\",\"link\":null,\"link_target\":\"\",\"download\":\"https:\\\/\\\/www.stoc-saar-pfalz.net\\\/wp-content\\\/flagallery\\\/saisoneroeffnung-2009\\\/image007.jpg\",\"ratio\":1.3333333333333333},{\"id\":\"1873\",\"image\":\"https:\\\/\\\/www.stoc-saar-pfalz.net\\\/wp-content\\\/flagallery\\\/saisoneroeffnung-2009\\\/webview\\\/image006.jpg\",\"thumb\":\"https:\\\/\\\/www.stoc-saar-pfalz.net\\\/wp-content\\\/flagallery\\\/saisoneroeffnung-2009\\\/thumbs\\\/thumbs_image006.jpg\",\"file\":\"image006.jpg\",\"meta\":{\"aperture\":false,\"credit\":false,\"camera\":false,\"caption\":false,\"created_timestamp\":false,\"copyright\":false,\"focal_length\":false,\"iso\":false,\"shutter_speed\":false,\"flash\":false,\"title\":false,\"keywords\":false,\"width\":500,\"height\":375,\"saved\":true,\"thumbnail\":{\"width\":400,\"height\":300},\"webview\":{\"0\":500,\"1\":375,\"2\":2,\"3\":\"width=\\\"500\\\" height=\\\"375\\\"\",\"bits\":8,\"channels\":3,\"mime\":\"image\\\/jpeg\"},\"views\":\"2\",\"likes\":\"0\"},\"title\":\"\",\"description\":\"\",\"link\":null,\"link_target\":\"\",\"download\":\"https:\\\/\\\/www.stoc-saar-pfalz.net\\\/wp-content\\\/flagallery\\\/saisoneroeffnung-2009\\\/image006.jpg\",\"ratio\":1.3333333333333333},{\"id\":\"1874\",\"image\":\"https:\\\/\\\/www.stoc-saar-pfalz.net\\\/wp-content\\\/flagallery\\\/saisoneroeffnung-2009\\\/webview\\\/image008.jpg\",\"thumb\":\"https:\\\/\\\/www.stoc-saar-pfalz.net\\\/wp-content\\\/flagallery\\\/saisoneroeffnung-2009\\\/thumbs\\\/thumbs_image008.jpg\",\"file\":\"image008.jpg\",\"meta\":{\"aperture\":false,\"credit\":false,\"camera\":false,\"caption\":false,\"created_timestamp\":false,\"copyright\":false,\"focal_length\":false,\"iso\":false,\"shutter_speed\":false,\"flash\":false,\"title\":false,\"keywords\":false,\"width\":500,\"height\":375,\"saved\":true,\"thumbnail\":{\"width\":400,\"height\":300},\"webview\":{\"0\":500,\"1\":375,\"2\":2,\"3\":\"width=\\\"500\\\" height=\\\"375\\\"\",\"bits\":8,\"channels\":3,\"mime\":\"image\\\/jpeg\"},\"views\":\"2\",\"likes\":\"0\"},\"title\":\"\",\"description\":\"\",\"link\":null,\"link_target\":\"\",\"download\":\"https:\\\/\\\/www.stoc-saar-pfalz.net\\\/wp-content\\\/flagallery\\\/saisoneroeffnung-2009\\\/image008.jpg\",\"ratio\":1.3333333333333333},{\"id\":\"1875\",\"image\":\"https:\\\/\\\/www.stoc-saar-pfalz.net\\\/wp-content\\\/flagallery\\\/saisoneroeffnung-2009\\\/webview\\\/image009.jpg\",\"thumb\":\"https:\\\/\\\/www.stoc-saar-pfalz.net\\\/wp-content\\\/flagallery\\\/saisoneroeffnung-2009\\\/thumbs\\\/thumbs_image009.jpg\",\"file\":\"image009.jpg\",\"meta\":{\"aperture\":false,\"credit\":false,\"camera\":false,\"caption\":false,\"created_timestamp\":false,\"copyright\":false,\"focal_length\":false,\"iso\":false,\"shutter_speed\":false,\"flash\":false,\"title\":false,\"keywords\":false,\"width\":500,\"height\":375,\"saved\":true,\"thumbnail\":{\"width\":400,\"height\":300},\"webview\":{\"0\":500,\"1\":375,\"2\":2,\"3\":\"width=\\\"500\\\" height=\\\"375\\\"\",\"bits\":8,\"channels\":3,\"mime\":\"image\\\/jpeg\"},\"views\":\"1\",\"likes\":\"0\"},\"title\":\"\",\"description\":\"\",\"link\":null,\"link_target\":\"\",\"download\":\"https:\\\/\\\/www.stoc-saar-pfalz.net\\\/wp-content\\\/flagallery\\\/saisoneroeffnung-2009\\\/image009.jpg\",\"ratio\":1.3333333333333333},{\"id\":\"1876\",\"image\":\"https:\\\/\\\/www.stoc-saar-pfalz.net\\\/wp-content\\\/flagallery\\\/saisoneroeffnung-2009\\\/webview\\\/image010.jpg\",\"thumb\":\"https:\\\/\\\/www.stoc-saar-pfalz.net\\\/wp-content\\\/flagallery\\\/saisoneroeffnung-2009\\\/thumbs\\\/thumbs_image010.jpg\",\"file\":\"image010.jpg\",\"meta\":{\"aperture\":false,\"credit\":false,\"camera\":false,\"caption\":false,\"created_timestamp\":false,\"copyright\":false,\"focal_length\":false,\"iso\":false,\"shutter_speed\":false,\"flash\":false,\"title\":false,\"keywords\":false,\"width\":500,\"height\":375,\"saved\":true,\"thumbnail\":{\"width\":400,\"height\":300},\"webview\":{\"0\":500,\"1\":375,\"2\":2,\"3\":\"width=\\\"500\\\" height=\\\"375\\\"\",\"bits\":8,\"channels\":3,\"mime\":\"image\\\/jpeg\"},\"views\":\"1\",\"likes\":\"0\"},\"title\":\"\",\"description\":\"\",\"link\":null,\"link_target\":\"\",\"download\":\"https:\\\/\\\/www.stoc-saar-pfalz.net\\\/wp-content\\\/flagallery\\\/saisoneroeffnung-2009\\\/image010.jpg\",\"ratio\":1.3333333333333333},{\"id\":\"1877\",\"image\":\"https:\\\/\\\/www.stoc-saar-pfalz.net\\\/wp-content\\\/flagallery\\\/saisoneroeffnung-2009\\\/webview\\\/image011.jpg\",\"thumb\":\"https:\\\/\\\/www.stoc-saar-pfalz.net\\\/wp-content\\\/flagallery\\\/saisoneroeffnung-2009\\\/thumbs\\\/thumbs_image011.jpg\",\"file\":\"image011.jpg\",\"meta\":{\"aperture\":false,\"credit\":false,\"camera\":false,\"caption\":false,\"created_timestamp\":false,\"copyright\":false,\"focal_length\":false,\"iso\":false,\"shutter_speed\":false,\"flash\":false,\"title\":false,\"keywords\":false,\"width\":500,\"height\":375,\"saved\":true,\"thumbnail\":{\"width\":400,\"height\":300},\"webview\":{\"0\":500,\"1\":375,\"2\":2,\"3\":\"width=\\\"500\\\" height=\\\"375\\\"\",\"bits\":8,\"channels\":3,\"mime\":\"image\\\/jpeg\"},\"views\":\"1\",\"likes\":\"0\"},\"title\":\"\",\"description\":\"\",\"link\":null,\"link_target\":\"\",\"download\":\"https:\\\/\\\/www.stoc-saar-pfalz.net\\\/wp-content\\\/flagallery\\\/saisoneroeffnung-2009\\\/image011.jpg\",\"ratio\":1.3333333333333333},{\"id\":\"1878\",\"image\":\"https:\\\/\\\/www.stoc-saar-pfalz.net\\\/wp-content\\\/flagallery\\\/saisoneroeffnung-2009\\\/webview\\\/image012.jpg\",\"thumb\":\"https:\\\/\\\/www.stoc-saar-pfalz.net\\\/wp-content\\\/flagallery\\\/saisoneroeffnung-2009\\\/thumbs\\\/thumbs_image012.jpg\",\"file\":\"image012.jpg\",\"meta\":{\"aperture\":false,\"credit\":false,\"camera\":false,\"caption\":false,\"created_timestamp\":false,\"copyright\":false,\"focal_length\":false,\"iso\":false,\"shutter_speed\":false,\"flash\":false,\"title\":false,\"keywords\":false,\"width\":500,\"height\":375,\"saved\":true,\"thumbnail\":{\"width\":400,\"height\":300},\"webview\":{\"0\":500,\"1\":375,\"2\":2,\"3\":\"width=\\\"500\\\" height=\\\"375\\\"\",\"bits\":8,\"channels\":3,\"mime\":\"image\\\/jpeg\"},\"views\":\"2\",\"likes\":\"0\"},\"title\":\"\",\"description\":\"\",\"link\":null,\"link_target\":\"\",\"download\":\"https:\\\/\\\/www.stoc-saar-pfalz.net\\\/wp-content\\\/flagallery\\\/saisoneroeffnung-2009\\\/image012.jpg\",\"ratio\":1.3333333333333333}]}; var container = $('#FlaGallery_sc1_30'); container.photomania(settings, content); window.FlaGallery_sc1_30 = container.data('photomania'); }); <\/script><\/div><\/div><noscript id=\"noscript_FlaGallery_sc1_30\"><img class=\"skip-lazy no-lazyload noLazy\" data-lazy-src=\"\" src =\"https:\/\/www.stoc-saar-pfalz.net\/wp-content\/flagallery\/saisoneroeffnung-2009\/b8.jpg\" alt=\"\" \/><img class=\"skip-lazy no-lazyload noLazy\" data-lazy-src=\"\" src =\"https:\/\/www.stoc-saar-pfalz.net\/wp-content\/flagallery\/saisoneroeffnung-2009\/b13.jpg\" alt=\"\" \/><img class=\"skip-lazy no-lazyload noLazy\" data-lazy-src=\"\" src =\"https:\/\/www.stoc-saar-pfalz.net\/wp-content\/flagallery\/saisoneroeffnung-2009\/b14.jpg\" alt=\"\" \/><img class=\"skip-lazy no-lazyload noLazy\" data-lazy-src=\"\" src =\"https:\/\/www.stoc-saar-pfalz.net\/wp-content\/flagallery\/saisoneroeffnung-2009\/b16.jpg\" alt=\"\" \/><img class=\"skip-lazy no-lazyload noLazy\" data-lazy-src=\"\" src =\"https:\/\/www.stoc-saar-pfalz.net\/wp-content\/flagallery\/saisoneroeffnung-2009\/image001.jpg\" alt=\"\" \/><img class=\"skip-lazy no-lazyload noLazy\" data-lazy-src=\"\" src =\"https:\/\/www.stoc-saar-pfalz.net\/wp-content\/flagallery\/saisoneroeffnung-2009\/image002.jpg\" alt=\"\" \/><img class=\"skip-lazy no-lazyload noLazy\" data-lazy-src=\"\" src =\"https:\/\/www.stoc-saar-pfalz.net\/wp-content\/flagallery\/saisoneroeffnung-2009\/image003.jpg\" alt=\"\" \/><img class=\"skip-lazy no-lazyload noLazy\" data-lazy-src=\"\" src =\"https:\/\/www.stoc-saar-pfalz.net\/wp-content\/flagallery\/saisoneroeffnung-2009\/image004.jpg\" alt=\"\" \/><img class=\"skip-lazy no-lazyload noLazy\" data-lazy-src=\"\" src =\"https:\/\/www.stoc-saar-pfalz.net\/wp-content\/flagallery\/saisoneroeffnung-2009\/image005.jpg\" alt=\"\" \/><img class=\"skip-lazy no-lazyload noLazy\" data-lazy-src=\"\" src =\"https:\/\/www.stoc-saar-pfalz.net\/wp-content\/flagallery\/saisoneroeffnung-2009\/image007.jpg\" alt=\"\" \/><img class=\"skip-lazy no-lazyload noLazy\" data-lazy-src=\"\" src =\"https:\/\/www.stoc-saar-pfalz.net\/wp-content\/flagallery\/saisoneroeffnung-2009\/image006.jpg\" alt=\"\" \/><img class=\"skip-lazy no-lazyload noLazy\" data-lazy-src=\"\" src =\"https:\/\/www.stoc-saar-pfalz.net\/wp-content\/flagallery\/saisoneroeffnung-2009\/image008.jpg\" alt=\"\" \/><img class=\"skip-lazy no-lazyload noLazy\" data-lazy-src=\"\" src =\"https:\/\/www.stoc-saar-pfalz.net\/wp-content\/flagallery\/saisoneroeffnung-2009\/image009.jpg\" alt=\"\" \/><img class=\"skip-lazy no-lazyload noLazy\" data-lazy-src=\"\" src =\"https:\/\/www.stoc-saar-pfalz.net\/wp-content\/flagallery\/saisoneroeffnung-2009\/image010.jpg\" alt=\"\" \/><img class=\"skip-lazy no-lazyload noLazy\" data-lazy-src=\"\" src =\"https:\/\/www.stoc-saar-pfalz.net\/wp-content\/flagallery\/saisoneroeffnung-2009\/image011.jpg\" alt=\"\" \/><img class=\"skip-lazy no-lazyload noLazy\" data-lazy-src=\"\" src =\"https:\/\/www.stoc-saar-pfalz.net\/wp-content\/flagallery\/saisoneroeffnung-2009\/image012.jpg\" alt=\"\" \/><\/noscript><\/div>\n","protected":false},"excerpt":{"rendered":"<p>Am Samstagmorgen um 10 Uhr wurde es langsam unruhig auf dem Johanniskreuz. Die ersten Tourteilnehmer trudeln ein. Klaus hatte f\u00fcr uns eine Tour zusammengestellt um die neue Saison zu begr\u00fc\u00dfen. Es waren optimale Bedingungen zum Motorrad fahren. Warm und sonnig. Die Tour, die ja wegen der einmonatigen Verschiebung ge\u00e4ndert werden musste (das Elmsteiner Tal war ja seit dem 1.4. f\u00fcr&hellip; <a href=\"https:\/\/www.stoc-saar-pfalz.net\/?page_id=337\">(more&#8230;)<\/a><\/p>\n","protected":false},"author":667,"featured_media":342,"parent":118,"menu_order":0,"comment_status":"open","ping_status":"closed","template":"","meta":[],"_links":{"self":[{"href":"https:\/\/www.stoc-saar-pfalz.net\/index.php?rest_route=\/wp\/v2\/pages\/337"}],"collection":[{"href":"https:\/\/www.stoc-saar-pfalz.net\/index.php?rest_route=\/wp\/v2\/pages"}],"about":[{"href":"https:\/\/www.stoc-saar-pfalz.net\/index.php?rest_route=\/wp\/v2\/types\/page"}],"author":[{"embeddable":true,"href":"https:\/\/www.stoc-saar-pfalz.net\/index.php?rest_route=\/wp\/v2\/users\/667"}],"replies":[{"embeddable":true,"href":"https:\/\/www.stoc-saar-pfalz.net\/index.php?rest_route=%2Fwp%2Fv2%2Fcomments&post=337"}],"version-history":[{"count":4,"href":"https:\/\/www.stoc-saar-pfalz.net\/index.php?rest_route=\/wp\/v2\/pages\/337\/revisions"}],"predecessor-version":[{"id":1850,"href":"https:\/\/www.stoc-saar-pfalz.net\/index.php?rest_route=\/wp\/v2\/pages\/337\/revisions\/1850"}],"up":[{"embeddable":true,"href":"https:\/\/www.stoc-saar-pfalz.net\/index.php?rest_route=\/wp\/v2\/pages\/118"}],"wp:featuredmedia":[{"embeddable":true,"href":"https:\/\/www.stoc-saar-pfalz.net\/index.php?rest_route=\/wp\/v2\/media\/342"}],"wp:attachment":[{"href":"https:\/\/www.stoc-saar-pfalz.net\/index.php?rest_route=%2Fwp%2Fv2%2Fmedia&parent=337"}],"curies":[{"name":"wp","href":"https:\/\/api.w.org\/{rel}","templated":true}]}}