{"id":590,"date":"2013-09-21T08:15:49","date_gmt":"2013-09-21T06:15:49","guid":{"rendered":"http:\/\/www.stoc-saar-pfalz.net\/?page_id=590"},"modified":"2019-05-11T17:31:53","modified_gmt":"2019-05-11T15:31:53","slug":"wie-feiert-man-einen-13-geburtstag","status":"publish","type":"page","link":"https:\/\/www.stoc-saar-pfalz.net\/?page_id=590","title":{"rendered":"Wie feiert man einen 13. Geburtstag ?"},"content":{"rendered":"<p><a href=\"http:\/\/www.stoc-saar-pfalz.net\/wp-content\/uploads\/2013\/09\/image006.jpg\"><img loading=\"lazy\" class=\"alignnone size-full wp-image-591\" src=\"http:\/\/www.stoc-saar-pfalz.net\/wp-content\/uploads\/2013\/09\/image006.jpg\" alt=\"image006\" width=\"500\" height=\"375\" srcset=\"https:\/\/www.stoc-saar-pfalz.net\/wp-content\/uploads\/2013\/09\/image006.jpg 500w, https:\/\/www.stoc-saar-pfalz.net\/wp-content\/uploads\/2013\/09\/image006-300x225.jpg 300w\" sizes=\"(max-width: 500px) 100vw, 500px\" \/><\/a><\/p>\n<p>Nat\u00fcrlich mit Kuchen und guten Freunden.<\/p>\n<p>Trotz des bescheidenen Wetters &#8211; ich kann mich nicht erinnern, das ein Geburtstagsstammtisch jemals wegen schlechten Wetters innen im Gastraum stattgefunden hat, kamen viele Besucher. 17 Teilnehmer liessen sich jedoch nicht vom schlechten Wetter abhalten. Die Hessenfraktion war mit Peter und Beate Grix sowie Andreas und Marita vertreten. Die Vier waren genau wie Guy und Marie-Paul Flamang (beide aus Luxembourg) auf dem R\u00fcckweg von dem Pan&#8217;er &amp; Friends zu unserem Stammtsich gekommen.<\/p>\n<p><a href=\"http:\/\/www.stoc-saar-pfalz.net\/wp-content\/uploads\/2013\/09\/image004.jpg\"><img loading=\"lazy\" class=\"alignnone size-full wp-image-592\" src=\"http:\/\/www.stoc-saar-pfalz.net\/wp-content\/uploads\/2013\/09\/image004.jpg\" alt=\"image004\" width=\"500\" height=\"375\" srcset=\"https:\/\/www.stoc-saar-pfalz.net\/wp-content\/uploads\/2013\/09\/image004.jpg 500w, https:\/\/www.stoc-saar-pfalz.net\/wp-content\/uploads\/2013\/09\/image004-300x225.jpg 300w\" sizes=\"(max-width: 500px) 100vw, 500px\" \/><\/a><\/p>\n<p>Gerd und Rudi kamen etwas sp\u00e4ter auf dem R\u00fcckweg vom Gardasee zum Stammtisch. Unsere Wirtsleute beschenkten uns mit 2 selbstgemachten Torten zum Fest.<\/p>\n<p><a href=\"http:\/\/www.stoc-saar-pfalz.net\/wp-content\/uploads\/2013\/09\/image007.jpg\"><img loading=\"lazy\" class=\"alignnone size-full wp-image-593\" src=\"http:\/\/www.stoc-saar-pfalz.net\/wp-content\/uploads\/2013\/09\/image007.jpg\" alt=\"image007\" width=\"500\" height=\"375\" srcset=\"https:\/\/www.stoc-saar-pfalz.net\/wp-content\/uploads\/2013\/09\/image007.jpg 500w, https:\/\/www.stoc-saar-pfalz.net\/wp-content\/uploads\/2013\/09\/image007-300x225.jpg 300w\" sizes=\"(max-width: 500px) 100vw, 500px\" \/><\/a><\/p>\n<p>Als Dankesch\u00f6n f\u00fcr den gleichbleibend guten Service \u00fcberreichte Rudi jeder der 4 Frauen ein Halstuch, welche gerade vom Gardasee &#8222;importiert&#8220; wurden.<\/p>\n<p>Wir wollen hoffen, das die Zahl 13 kein schlechtes Licht auf unseren Stammtisch wirft. Ich selbst konnte ja leider nicht mit dabeisein, da auch wir jede Menge G\u00e4ste hatten.<\/p>\n<p>Etwa 300 Wespen mitsamt Nest hatten sich ungebetenerweise bei uns im Dachstuhl eingerichtet, welche zusehends zum Problem wurde. Die Beseitigung deren Folgen war mir f\u00fcr das Wochenende vorbehalten.<\/p>\n<p><a href=\"http:\/\/www.stoc-saar-pfalz.net\/wp-content\/uploads\/2013\/09\/image032.jpg\"><img loading=\"lazy\" class=\"alignnone size-full wp-image-596\" src=\"http:\/\/www.stoc-saar-pfalz.net\/wp-content\/uploads\/2013\/09\/image032.jpg\" alt=\"image032\" width=\"500\" height=\"375\" srcset=\"https:\/\/www.stoc-saar-pfalz.net\/wp-content\/uploads\/2013\/09\/image032.jpg 500w, https:\/\/www.stoc-saar-pfalz.net\/wp-content\/uploads\/2013\/09\/image032-300x225.jpg 300w\" sizes=\"(max-width: 500px) 100vw, 500px\" \/><\/a><\/p>\n<p><a href=\"http:\/\/www.stoc-saar-pfalz.net\/wp-content\/uploads\/2013\/09\/image031.jpg\"><img loading=\"lazy\" class=\"alignnone size-full wp-image-597\" src=\"http:\/\/www.stoc-saar-pfalz.net\/wp-content\/uploads\/2013\/09\/image031.jpg\" alt=\"image031\" width=\"500\" height=\"375\" srcset=\"https:\/\/www.stoc-saar-pfalz.net\/wp-content\/uploads\/2013\/09\/image031.jpg 500w, https:\/\/www.stoc-saar-pfalz.net\/wp-content\/uploads\/2013\/09\/image031-300x225.jpg 300w\" sizes=\"(max-width: 500px) 100vw, 500px\" \/><\/a><\/p>\n<p>Beim n\u00e4chsten Geburtstag werden wir mit Sicherheit wieder dabeisein. Die unfreiwilligen Untermieter sind ja jetzt rausgeworfen.<\/p>\n\n\n<ul class=\"wp-block-gallery columns-3 is-cropped\"><li class=\"blocks-gallery-item\"><figure><img loading=\"lazy\" width=\"500\" height=\"375\" src=\"https:\/\/www.stoc-saar-pfalz.net\/wp-content\/uploads\/2019\/05\/image001-1.jpg\" alt=\"\" data-id=\"2114\" data-link=\"https:\/\/www.stoc-saar-pfalz.net\/?attachment_id=2114\" class=\"wp-image-2114\" srcset=\"https:\/\/www.stoc-saar-pfalz.net\/wp-content\/uploads\/2019\/05\/image001-1.jpg 500w, https:\/\/www.stoc-saar-pfalz.net\/wp-content\/uploads\/2019\/05\/image001-1-300x225.jpg 300w\" sizes=\"(max-width: 500px) 100vw, 500px\" \/><\/figure><\/li><li class=\"blocks-gallery-item\"><figure><img loading=\"lazy\" width=\"500\" height=\"375\" src=\"https:\/\/www.stoc-saar-pfalz.net\/wp-content\/uploads\/2019\/05\/image002-1.jpg\" alt=\"\" data-id=\"2115\" data-link=\"https:\/\/www.stoc-saar-pfalz.net\/?attachment_id=2115\" class=\"wp-image-2115\" srcset=\"https:\/\/www.stoc-saar-pfalz.net\/wp-content\/uploads\/2019\/05\/image002-1.jpg 500w, https:\/\/www.stoc-saar-pfalz.net\/wp-content\/uploads\/2019\/05\/image002-1-300x225.jpg 300w\" sizes=\"(max-width: 500px) 100vw, 500px\" \/><\/figure><\/li><li class=\"blocks-gallery-item\"><figure><img loading=\"lazy\" width=\"500\" height=\"375\" src=\"https:\/\/www.stoc-saar-pfalz.net\/wp-content\/uploads\/2019\/05\/image003-1.jpg\" alt=\"\" data-id=\"2116\" data-link=\"https:\/\/www.stoc-saar-pfalz.net\/?attachment_id=2116\" class=\"wp-image-2116\" srcset=\"https:\/\/www.stoc-saar-pfalz.net\/wp-content\/uploads\/2019\/05\/image003-1.jpg 500w, https:\/\/www.stoc-saar-pfalz.net\/wp-content\/uploads\/2019\/05\/image003-1-300x225.jpg 300w\" sizes=\"(max-width: 500px) 100vw, 500px\" \/><\/figure><\/li><li class=\"blocks-gallery-item\"><figure><img loading=\"lazy\" width=\"500\" height=\"375\" src=\"https:\/\/www.stoc-saar-pfalz.net\/wp-content\/uploads\/2019\/05\/image004-1.jpg\" alt=\"\" data-id=\"2117\" data-link=\"https:\/\/www.stoc-saar-pfalz.net\/?attachment_id=2117\" class=\"wp-image-2117\" srcset=\"https:\/\/www.stoc-saar-pfalz.net\/wp-content\/uploads\/2019\/05\/image004-1.jpg 500w, https:\/\/www.stoc-saar-pfalz.net\/wp-content\/uploads\/2019\/05\/image004-1-300x225.jpg 300w\" sizes=\"(max-width: 500px) 100vw, 500px\" \/><\/figure><\/li><li class=\"blocks-gallery-item\"><figure><img loading=\"lazy\" width=\"500\" height=\"375\" src=\"https:\/\/www.stoc-saar-pfalz.net\/wp-content\/uploads\/2019\/05\/image005-1.jpg\" alt=\"\" data-id=\"2118\" data-link=\"https:\/\/www.stoc-saar-pfalz.net\/?attachment_id=2118\" class=\"wp-image-2118\" srcset=\"https:\/\/www.stoc-saar-pfalz.net\/wp-content\/uploads\/2019\/05\/image005-1.jpg 500w, https:\/\/www.stoc-saar-pfalz.net\/wp-content\/uploads\/2019\/05\/image005-1-300x225.jpg 300w\" sizes=\"(max-width: 500px) 100vw, 500px\" \/><\/figure><\/li><li class=\"blocks-gallery-item\"><figure><img loading=\"lazy\" width=\"500\" height=\"375\" src=\"https:\/\/www.stoc-saar-pfalz.net\/wp-content\/uploads\/2019\/05\/image006-1.jpg\" alt=\"\" data-id=\"2119\" data-link=\"https:\/\/www.stoc-saar-pfalz.net\/?attachment_id=2119\" class=\"wp-image-2119\" srcset=\"https:\/\/www.stoc-saar-pfalz.net\/wp-content\/uploads\/2019\/05\/image006-1.jpg 500w, https:\/\/www.stoc-saar-pfalz.net\/wp-content\/uploads\/2019\/05\/image006-1-300x225.jpg 300w\" sizes=\"(max-width: 500px) 100vw, 500px\" \/><\/figure><\/li><li class=\"blocks-gallery-item\"><figure><img loading=\"lazy\" width=\"500\" height=\"375\" src=\"https:\/\/www.stoc-saar-pfalz.net\/wp-content\/uploads\/2019\/05\/image007-1.jpg\" alt=\"\" data-id=\"2120\" data-link=\"https:\/\/www.stoc-saar-pfalz.net\/?attachment_id=2120\" class=\"wp-image-2120\" srcset=\"https:\/\/www.stoc-saar-pfalz.net\/wp-content\/uploads\/2019\/05\/image007-1.jpg 500w, https:\/\/www.stoc-saar-pfalz.net\/wp-content\/uploads\/2019\/05\/image007-1-300x225.jpg 300w\" sizes=\"(max-width: 500px) 100vw, 500px\" \/><\/figure><\/li><li class=\"blocks-gallery-item\"><figure><img loading=\"lazy\" width=\"500\" height=\"375\" src=\"https:\/\/www.stoc-saar-pfalz.net\/wp-content\/uploads\/2019\/05\/image008-1.jpg\" alt=\"\" data-id=\"2121\" data-link=\"https:\/\/www.stoc-saar-pfalz.net\/?attachment_id=2121\" class=\"wp-image-2121\" srcset=\"https:\/\/www.stoc-saar-pfalz.net\/wp-content\/uploads\/2019\/05\/image008-1.jpg 500w, https:\/\/www.stoc-saar-pfalz.net\/wp-content\/uploads\/2019\/05\/image008-1-300x225.jpg 300w\" sizes=\"(max-width: 500px) 100vw, 500px\" \/><\/figure><\/li><li class=\"blocks-gallery-item\"><figure><img loading=\"lazy\" width=\"500\" height=\"375\" src=\"https:\/\/www.stoc-saar-pfalz.net\/wp-content\/uploads\/2019\/05\/image009-1.jpg\" alt=\"\" data-id=\"2122\" data-link=\"https:\/\/www.stoc-saar-pfalz.net\/?attachment_id=2122\" class=\"wp-image-2122\" srcset=\"https:\/\/www.stoc-saar-pfalz.net\/wp-content\/uploads\/2019\/05\/image009-1.jpg 500w, https:\/\/www.stoc-saar-pfalz.net\/wp-content\/uploads\/2019\/05\/image009-1-300x225.jpg 300w\" sizes=\"(max-width: 500px) 100vw, 500px\" \/><\/figure><\/li><li class=\"blocks-gallery-item\"><figure><img loading=\"lazy\" width=\"500\" height=\"375\" src=\"https:\/\/www.stoc-saar-pfalz.net\/wp-content\/uploads\/2019\/05\/image010-1.jpg\" alt=\"\" data-id=\"2123\" data-link=\"https:\/\/www.stoc-saar-pfalz.net\/?attachment_id=2123\" class=\"wp-image-2123\" srcset=\"https:\/\/www.stoc-saar-pfalz.net\/wp-content\/uploads\/2019\/05\/image010-1.jpg 500w, https:\/\/www.stoc-saar-pfalz.net\/wp-content\/uploads\/2019\/05\/image010-1-300x225.jpg 300w\" sizes=\"(max-width: 500px) 100vw, 500px\" \/><\/figure><\/li><li class=\"blocks-gallery-item\"><figure><img loading=\"lazy\" width=\"500\" height=\"375\" src=\"https:\/\/www.stoc-saar-pfalz.net\/wp-content\/uploads\/2019\/05\/image011-1.jpg\" alt=\"\" data-id=\"2124\" data-link=\"https:\/\/www.stoc-saar-pfalz.net\/?attachment_id=2124\" class=\"wp-image-2124\" srcset=\"https:\/\/www.stoc-saar-pfalz.net\/wp-content\/uploads\/2019\/05\/image011-1.jpg 500w, https:\/\/www.stoc-saar-pfalz.net\/wp-content\/uploads\/2019\/05\/image011-1-300x225.jpg 300w\" sizes=\"(max-width: 500px) 100vw, 500px\" \/><\/figure><\/li><\/ul>\n\n\n\n<p><\/p>\n\n\n\n<div class=\"wp-block-flagallery-gallery flagallery-shortcode\"><div class=\"flagallerywraper\" style=\"text-align:center;\"><div class=\"flagallery photomania_skin\" id=\"FlaGallery_sc1_34\" style=\"margin:0 auto;\"><style type=\"text\/css\" class=\"flagallery_skin_style_import\">#FlaGallery_sc1_34 .flagpm_preload {opacity:0;}#FlaGallery_sc1_34 .swiper-big-images img.flagpm_the_photo { max-height:100%; max-width:100%; display:inline; width:auto; height:auto !important; object-fit:unset; vertical-align:middle; border:none; }#FlaGallery_sc1_34 .flagpm_focus .swiper-big-images img.flagpm_the_photo { width:auto; height:auto; object-fit:unset; }#FlaGallery_sc1_34 .swiper-small-images img.flagpm_photo { max-width:none; max-height:none; }#FlaGallery_sc1_34 .swiper-small-images img.flagpm_photo.flagpm_photo_landscape { width:auto; height:100% !important; }#FlaGallery_sc1_34 .swiper-small-images img.flagpm_photo.flagpm_photo_portrait { width:100%; height:auto !important; }#FlaGallery_sc1_34 .flagpm_gallery_sources_list p { margin:7px 0; padding:0; font-size:inherit; }#FlaGallery_sc1_34 .flagpm_photo_details .flagpm_description_wrap a,#FlaGallery_sc1_34 .flagpm_big_button_wrap .flagpm_button.flagpm_like.flagpm_liked,#FlaGallery_sc1_34 .flagpm_big_button_wrap .flagpm_button.flagpm_like.flagpm_liked:hover {color:#0099e5;}#FlaGallery_sc1_34 .flagpm_photo_show .flagpm_big_button {background-color:#0099e5;}#FlaGallery_sc1_34 .swiper-small-images div.flagpm_photo.swiper-slide-active {border-color:#02adea;}#FlaGallery_sc1_34 .flagpm_photo_header .flagpm_name_wrap .flagpm_title_author a:hover,#FlaGallery_sc1_34 .flagpm_photo_details .flagpm_description_wrap a:hover {color:#02adea;}#FlaGallery_sc1_34 .flagpm_photo_show .flagpm_big_button:hover,#FlaGallery_sc1_34 .flagpm_focus_actions ul .flagpm_button.like.flagpm_liked {background-color:#02adea;}<\/style> <div class=\"flagpm_photo_show flagpm_w960 flagpm_w640 flagpm_w480 flagpm_preload\"> <div class=\"flagpm_photo_wrap has_prev_photo has_next_photo\"> <div class=\"swiper-container swiper-big-images\"> <div class=\"flagpm_photo_arrow_next flagpm_photo_arrow flagpm_next\"> <div title=\"Next\" class=\"flagpm_arrow\"><\/div> <\/div> <div class=\"flagpm_photo_arrow_previous flagpm_photo_arrow flagpm_prev\"> <div title=\"Previous\" class=\"flagpm_arrow\"><\/div> <\/div> <div class=\"swiper-wrapper\"><div class=\"swiper-slide\" data-hash=\"flagallery2130\" data-photo-id=\"2130\"><span class=\"flagpm_va\"><\/span><img src=\"https:\/\/www.stoc-saar-pfalz.net\/wp-content\/flagallery\/13-geburtstag\/webview\/image001.jpg\" data-src=\"https:\/\/www.stoc-saar-pfalz.net\/wp-content\/flagallery\/13-geburtstag\/webview\/image001.jpg\" alt=\"\" class=\"noLazy flagpm_the_photo swiper-lazy\"><div class=\"swiper-lazy-preloader swiper-lazy-preloader-black\"><\/div><\/div><div class=\"swiper-slide\" data-hash=\"flagallery2131\" data-photo-id=\"2131\"><span class=\"flagpm_va\"><\/span><img data-src=\"https:\/\/www.stoc-saar-pfalz.net\/wp-content\/flagallery\/13-geburtstag\/webview\/image002.jpg\" alt=\"\" class=\"noLazy flagpm_the_photo swiper-lazy\"><div class=\"swiper-lazy-preloader swiper-lazy-preloader-black\"><\/div><\/div><div class=\"swiper-slide\" data-hash=\"flagallery2132\" data-photo-id=\"2132\"><span class=\"flagpm_va\"><\/span><img data-src=\"https:\/\/www.stoc-saar-pfalz.net\/wp-content\/flagallery\/13-geburtstag\/webview\/image003.jpg\" alt=\"\" class=\"noLazy flagpm_the_photo swiper-lazy\"><div class=\"swiper-lazy-preloader swiper-lazy-preloader-black\"><\/div><\/div><div class=\"swiper-slide\" data-hash=\"flagallery2133\" data-photo-id=\"2133\"><span class=\"flagpm_va\"><\/span><img data-src=\"https:\/\/www.stoc-saar-pfalz.net\/wp-content\/flagallery\/13-geburtstag\/webview\/image004.jpg\" alt=\"\" class=\"noLazy flagpm_the_photo swiper-lazy\"><div class=\"swiper-lazy-preloader swiper-lazy-preloader-black\"><\/div><\/div><div class=\"swiper-slide\" data-hash=\"flagallery2134\" data-photo-id=\"2134\"><span class=\"flagpm_va\"><\/span><img data-src=\"https:\/\/www.stoc-saar-pfalz.net\/wp-content\/flagallery\/13-geburtstag\/webview\/image005.jpg\" alt=\"\" class=\"noLazy flagpm_the_photo swiper-lazy\"><div class=\"swiper-lazy-preloader swiper-lazy-preloader-black\"><\/div><\/div><div class=\"swiper-slide\" data-hash=\"flagallery2135\" data-photo-id=\"2135\"><span class=\"flagpm_va\"><\/span><img data-src=\"https:\/\/www.stoc-saar-pfalz.net\/wp-content\/flagallery\/13-geburtstag\/webview\/image006.jpg\" alt=\"\" class=\"noLazy flagpm_the_photo swiper-lazy\"><div class=\"swiper-lazy-preloader swiper-lazy-preloader-black\"><\/div><\/div><div class=\"swiper-slide\" data-hash=\"flagallery2136\" data-photo-id=\"2136\"><span class=\"flagpm_va\"><\/span><img data-src=\"https:\/\/www.stoc-saar-pfalz.net\/wp-content\/flagallery\/13-geburtstag\/webview\/image007.jpg\" alt=\"\" class=\"noLazy flagpm_the_photo swiper-lazy\"><div class=\"swiper-lazy-preloader swiper-lazy-preloader-black\"><\/div><\/div><div class=\"swiper-slide\" data-hash=\"flagallery2137\" data-photo-id=\"2137\"><span class=\"flagpm_va\"><\/span><img data-src=\"https:\/\/www.stoc-saar-pfalz.net\/wp-content\/flagallery\/13-geburtstag\/webview\/image008.jpg\" alt=\"\" class=\"noLazy flagpm_the_photo swiper-lazy\"><div class=\"swiper-lazy-preloader swiper-lazy-preloader-black\"><\/div><\/div><div class=\"swiper-slide\" data-hash=\"flagallery2138\" data-photo-id=\"2138\"><span class=\"flagpm_va\"><\/span><img data-src=\"https:\/\/www.stoc-saar-pfalz.net\/wp-content\/flagallery\/13-geburtstag\/webview\/image009.jpg\" alt=\"\" class=\"noLazy flagpm_the_photo swiper-lazy\"><div class=\"swiper-lazy-preloader swiper-lazy-preloader-black\"><\/div><\/div><div class=\"swiper-slide\" data-hash=\"flagallery2139\" data-photo-id=\"2139\"><span class=\"flagpm_va\"><\/span><img data-src=\"https:\/\/www.stoc-saar-pfalz.net\/wp-content\/flagallery\/13-geburtstag\/webview\/image010.jpg\" alt=\"\" class=\"noLazy flagpm_the_photo swiper-lazy\"><div class=\"swiper-lazy-preloader swiper-lazy-preloader-black\"><\/div><\/div><div class=\"swiper-slide\" data-hash=\"flagallery2140\" data-photo-id=\"2140\"><span class=\"flagpm_va\"><\/span><img data-src=\"https:\/\/www.stoc-saar-pfalz.net\/wp-content\/flagallery\/13-geburtstag\/webview\/image011.jpg\" alt=\"\" class=\"noLazy flagpm_the_photo swiper-lazy\"><div class=\"swiper-lazy-preloader swiper-lazy-preloader-black\"><\/div><\/div> <\/div> <\/div> <\/div> <div class=\"flagpm_photo_header\"> <div class=\"flagpm_wrapper flagpm_clearfix\"> <div class=\"flagpm_focus_actions\"> <ul class=\"flagpm_focus_share\"> <li style=\"list-style:none;\" class=\"flagpm_share_wrapper\"> <a class=\"flagpm_button flagpm_share\">Share<\/a> <ul class=\"flagpm_sharelizers flagpm_clearfix\"> <li style=\"list-style:none;\"><a class=\"flagpm_button flagpm_facebook flagpm_sharelizer\">Facebook<\/a><\/li> <li style=\"list-style:none;\"><a class=\"flagpm_button flagpm_twitter flagpm_sharelizer\">Twitter<\/a><\/li> <li style=\"list-style:none;\"><a class=\"flagpm_button flagpm_pinterest flagpm_sharelizer\">Pinterest<\/a><\/li> <li style=\"list-style:none;\"><a class=\"flagpm_button flagpm_stumbleupon flagpm_sharelizer\">StumbleUpon<\/a><\/li> <\/ul> <\/li> <\/ul> <ul class=\"flagpm_focus_like_fave flagpm_clearfix\"> <li style=\"list-style:none;\"><a class=\"flagpm_button flagpm_like\">Like<\/a><\/li> <\/ul> <ul class=\"flagpm_focus_arrows flagpm_clearfix\"> <li style=\"list-style:none;\"><a class=\"flagpm_button flagpm_photo_arrow_previous flagpm_prev\">Previous<\/a><\/li> <li style=\"list-style:none;\"><a class=\"flagpm_button flagpm_photo_arrow_next flagpm_next\">Next<\/a><\/li> <\/ul> <\/div> <div class=\"flagpm_name_wrap flagpm_clearfix flagpm_no_avatar\"> <div class=\"flagpm_title_author\"> <div class=\"flagpm_title\"><\/div> <\/div> <\/div> <div class=\"flagpm_actions flagpm_clearfix\"> <div class=\"flagpm_carousel flagpm_has_previous flagpm_has_next\"> <div class=\"flagpm_previous_button\"><\/div> <div class=\"flagpm_photo_carousel\"> <div class=\"swiper-container swiper-small-images\"> <div class=\"swiper-wrapper\"><div class=\"swiper-slide flagpm_photo\" data-photo-id=\"2130\"><img src=\"https:\/\/www.stoc-saar-pfalz.net\/wp-content\/flagallery\/13-geburtstag\/thumbs\/thumbs_image001.jpg\" data-src=\"https:\/\/www.stoc-saar-pfalz.net\/wp-content\/flagallery\/13-geburtstag\/thumbs\/thumbs_image001.jpg\" alt=\"\" class=\"noLazy flagpm_photo swiper-lazy flagpm_photo_landscape\"><span class=\"swiper-lazy-preloader swiper-lazy-preloader-black\"><\/span><\/div><div class=\"swiper-slide flagpm_photo\" data-photo-id=\"2131\"><img data-src=\"https:\/\/www.stoc-saar-pfalz.net\/wp-content\/flagallery\/13-geburtstag\/thumbs\/thumbs_image002.jpg\" alt=\"\" class=\"noLazy flagpm_photo swiper-lazy flagpm_photo_landscape\"><span class=\"swiper-lazy-preloader swiper-lazy-preloader-black\"><\/span><\/div><div class=\"swiper-slide flagpm_photo\" data-photo-id=\"2132\"><img data-src=\"https:\/\/www.stoc-saar-pfalz.net\/wp-content\/flagallery\/13-geburtstag\/thumbs\/thumbs_image003.jpg\" alt=\"\" class=\"noLazy flagpm_photo swiper-lazy flagpm_photo_landscape\"><span class=\"swiper-lazy-preloader swiper-lazy-preloader-black\"><\/span><\/div><div class=\"swiper-slide flagpm_photo\" data-photo-id=\"2133\"><img data-src=\"https:\/\/www.stoc-saar-pfalz.net\/wp-content\/flagallery\/13-geburtstag\/thumbs\/thumbs_image004.jpg\" alt=\"\" class=\"noLazy flagpm_photo swiper-lazy flagpm_photo_landscape\"><span class=\"swiper-lazy-preloader swiper-lazy-preloader-black\"><\/span><\/div><div class=\"swiper-slide flagpm_photo\" data-photo-id=\"2134\"><img data-src=\"https:\/\/www.stoc-saar-pfalz.net\/wp-content\/flagallery\/13-geburtstag\/thumbs\/thumbs_image005.jpg\" alt=\"\" class=\"noLazy flagpm_photo swiper-lazy flagpm_photo_landscape\"><span class=\"swiper-lazy-preloader swiper-lazy-preloader-black\"><\/span><\/div><div class=\"swiper-slide flagpm_photo\" data-photo-id=\"2135\"><img data-src=\"https:\/\/www.stoc-saar-pfalz.net\/wp-content\/flagallery\/13-geburtstag\/thumbs\/thumbs_image006.jpg\" alt=\"\" class=\"noLazy flagpm_photo swiper-lazy flagpm_photo_landscape\"><span class=\"swiper-lazy-preloader swiper-lazy-preloader-black\"><\/span><\/div><div class=\"swiper-slide flagpm_photo\" data-photo-id=\"2136\"><img data-src=\"https:\/\/www.stoc-saar-pfalz.net\/wp-content\/flagallery\/13-geburtstag\/thumbs\/thumbs_image007.jpg\" alt=\"\" class=\"noLazy flagpm_photo swiper-lazy flagpm_photo_landscape\"><span class=\"swiper-lazy-preloader swiper-lazy-preloader-black\"><\/span><\/div><div class=\"swiper-slide flagpm_photo\" data-photo-id=\"2137\"><img data-src=\"https:\/\/www.stoc-saar-pfalz.net\/wp-content\/flagallery\/13-geburtstag\/thumbs\/thumbs_image008.jpg\" alt=\"\" class=\"noLazy flagpm_photo swiper-lazy flagpm_photo_landscape\"><span class=\"swiper-lazy-preloader swiper-lazy-preloader-black\"><\/span><\/div><div class=\"swiper-slide flagpm_photo\" data-photo-id=\"2138\"><img data-src=\"https:\/\/www.stoc-saar-pfalz.net\/wp-content\/flagallery\/13-geburtstag\/thumbs\/thumbs_image009.jpg\" alt=\"\" class=\"noLazy flagpm_photo swiper-lazy flagpm_photo_landscape\"><span class=\"swiper-lazy-preloader swiper-lazy-preloader-black\"><\/span><\/div><div class=\"swiper-slide flagpm_photo\" data-photo-id=\"2139\"><img data-src=\"https:\/\/www.stoc-saar-pfalz.net\/wp-content\/flagallery\/13-geburtstag\/thumbs\/thumbs_image010.jpg\" alt=\"\" class=\"noLazy flagpm_photo swiper-lazy flagpm_photo_landscape\"><span class=\"swiper-lazy-preloader swiper-lazy-preloader-black\"><\/span><\/div><div class=\"swiper-slide flagpm_photo\" data-photo-id=\"2140\"><img data-src=\"https:\/\/www.stoc-saar-pfalz.net\/wp-content\/flagallery\/13-geburtstag\/thumbs\/thumbs_image011.jpg\" alt=\"\" class=\"noLazy flagpm_photo swiper-lazy flagpm_photo_landscape\"><span class=\"swiper-lazy-preloader swiper-lazy-preloader-black\"><\/span><\/div> <\/div> <\/div> <\/div> <div class=\"flagpm_next_button\"><\/div> <\/div> <div class=\"flagpm_big_button_wrap\"> <div class=\"flagpm_share_wrapper\"> <a class=\"flagpm_button flagpm_share\">Share<\/a> <div class=\"flagpm_sharelizers_wrap\"> <ul class=\"flagpm_sharelizers\"> <li style=\"list-style:none;\"><a class=\"flagpm_button flagpm_facebook flagpm_sharelizer\">Facebook<\/a><\/li> <li style=\"list-style:none;\"><a class=\"flagpm_button flagpm_twitter flagpm_sharelizer\">Twitter<\/a><\/li> <li style=\"list-style:none;\"><a class=\"flagpm_button flagpm_pinterest flagpm_sharelizer\">Pinterest<\/a><\/li> <li style=\"list-style:none;\"><a class=\"flagpm_button flagpm_stumbleupon flagpm_sharelizer\">StumbleUpon<\/a><\/li> <\/ul> <\/div> <\/div> <a class=\"flagpm_button flagpm_like\">Like<\/a> <\/div> <div class=\"flagpm_big_button_wrap\"> <a class=\"flagpm_big_button flagpm_download_button\" href=\"https:\/\/www.stoc-saar-pfalz.net\/wp-content\/flagallery\/13-geburtstag\/image001.jpg\" download=\"image001.jpg\"> <span class=\"flagpm_icon\"><\/span> <span class=\"flagpm_label\">Download<\/span> <\/a> <\/div> <div class=\"flagpm_big_button_wrap\"> <a class=\"flagpm_big_button flagpm_link_button flagpm_inactive\" > <span class=\"flagpm_icon\"><\/span> <span class=\"flagpm_label\">Open Link<\/span> <\/a> <\/div> <\/div> <\/div> <\/div> <div class=\"flagpm_focus_close_full\"> <span><a class=\"flagpm_button flagpm_close\">Close<\/a><\/span> <span><a class=\"flagpm_button flagpm_full\">Full<\/a><\/span> <\/div> <div class=\"flagpm_photo_details\"> <div class=\"flagpm_description_wrap empty-item-description\"> <div class=\"details_title\">Beschreibung<\/div> <div class=\"flagpm_description_text_wrap\"> <div class=\"flagpm_slide_description\"><\/div> <\/div> <\/div> <\/div> <div class=\"flagpm_focus_footer\"> <div class=\"flagpm_focus_keyboard\"> <div class=\"flagpm_focus_keyboard_title\">Keyboard Shortcuts <a class=\"flagpm_focus_keyboard_dismiss\">Dismiss<\/a><\/div> <ul> <li style=\"list-style:none;\"><a data-key=\"p\" class=\"flagpm_key\">S<\/a><span class=\"flagpm_label\">Slideshow<\/span><\/li> <li style=\"list-style:none;\"><a data-key=\"m\" class=\"flagpm_key\">M<\/a><span class=\"flagpm_label\">Maximize<\/span><\/li> <li style=\"list-style:none;\"><a data-key=\"left\" class=\"flagpm_key\">&nbsp;<\/a><span class=\"flagpm_label\">Previous<\/span><\/li> <li style=\"list-style:none;\"><a data-key=\"right\" class=\"flagpm_key\">&nbsp;<\/a><span class=\"flagpm_label\">Next<\/span><\/li> <li style=\"list-style:none;\"><a data-key=\"escape\" class=\"flagpm_key flagpm_esc\">esc<\/a><span class=\"flagpm_label\">Close<\/span><\/li> <\/ul> <\/div> <\/div> <\/div> <script type=\"text\/javascript\"> jQuery(function($) { var settings = {\"base_gallery_width\":\"800\",\"base_gallery_height\":\"500\",\"gallery_min_height\":\"230\",\"scale_mode\":\"fit\",\"initial_slide\":0,\"slideshow_autoplay\":\"0\",\"slideshow_delay\":\"7000\",\"gallery_focus\":\"0\",\"gallery_maximized\":\"0\",\"gallery_focus_maximized\":\"0\",\"keyboard_help\":\"1\",\"show_download_button\":\"1\",\"show_link_button\":\"1\",\"show_description\":\"1\",\"show_share_button\":\"1\",\"show_like_button\":\"1\",\"link_color\":\"#0099e5\",\"link_color_hover\":\"#02adea\",\"download_button_text\":\"Download\",\"link_button_text\":\"Open Link\",\"description_title\":\"Beschreibung\",\"key\":\"c47ac2d2726864f32b2a1ad4cdc0988a\",\"name\":\"GRANDPackPlus\",\"gallID\":\"sc1_34\"}; var content = {\"data\":[{\"id\":\"2130\",\"image\":\"https:\\\/\\\/www.stoc-saar-pfalz.net\\\/wp-content\\\/flagallery\\\/13-geburtstag\\\/webview\\\/image001.jpg\",\"thumb\":\"https:\\\/\\\/www.stoc-saar-pfalz.net\\\/wp-content\\\/flagallery\\\/13-geburtstag\\\/thumbs\\\/thumbs_image001.jpg\",\"file\":\"image001.jpg\",\"meta\":{\"aperture\":false,\"credit\":false,\"camera\":false,\"caption\":false,\"created_timestamp\":false,\"copyright\":false,\"focal_length\":false,\"iso\":false,\"shutter_speed\":false,\"flash\":false,\"title\":false,\"keywords\":false,\"width\":500,\"height\":375,\"saved\":true,\"thumbnail\":{\"width\":400,\"height\":300},\"webview\":{\"0\":500,\"1\":375,\"2\":2,\"3\":\"width=\\\"500\\\" height=\\\"375\\\"\",\"bits\":8,\"channels\":3,\"mime\":\"image\\\/jpeg\"},\"views\":\"119\",\"likes\":\"0\"},\"title\":\"\",\"description\":\"\",\"link\":null,\"link_target\":\"\",\"download\":\"https:\\\/\\\/www.stoc-saar-pfalz.net\\\/wp-content\\\/flagallery\\\/13-geburtstag\\\/image001.jpg\",\"ratio\":1.3333333333333333},{\"id\":\"2131\",\"image\":\"https:\\\/\\\/www.stoc-saar-pfalz.net\\\/wp-content\\\/flagallery\\\/13-geburtstag\\\/webview\\\/image002.jpg\",\"thumb\":\"https:\\\/\\\/www.stoc-saar-pfalz.net\\\/wp-content\\\/flagallery\\\/13-geburtstag\\\/thumbs\\\/thumbs_image002.jpg\",\"file\":\"image002.jpg\",\"meta\":{\"aperture\":false,\"credit\":false,\"camera\":false,\"caption\":false,\"created_timestamp\":false,\"copyright\":false,\"focal_length\":false,\"iso\":false,\"shutter_speed\":false,\"flash\":false,\"title\":false,\"keywords\":false,\"width\":500,\"height\":375,\"saved\":true,\"thumbnail\":{\"width\":400,\"height\":300},\"webview\":{\"0\":500,\"1\":375,\"2\":2,\"3\":\"width=\\\"500\\\" height=\\\"375\\\"\",\"bits\":8,\"channels\":3,\"mime\":\"image\\\/jpeg\"},\"views\":\"1\",\"likes\":\"0\"},\"title\":\"\",\"description\":\"\",\"link\":null,\"link_target\":\"\",\"download\":\"https:\\\/\\\/www.stoc-saar-pfalz.net\\\/wp-content\\\/flagallery\\\/13-geburtstag\\\/image002.jpg\",\"ratio\":1.3333333333333333},{\"id\":\"2132\",\"image\":\"https:\\\/\\\/www.stoc-saar-pfalz.net\\\/wp-content\\\/flagallery\\\/13-geburtstag\\\/webview\\\/image003.jpg\",\"thumb\":\"https:\\\/\\\/www.stoc-saar-pfalz.net\\\/wp-content\\\/flagallery\\\/13-geburtstag\\\/thumbs\\\/thumbs_image003.jpg\",\"file\":\"image003.jpg\",\"meta\":{\"aperture\":false,\"credit\":false,\"camera\":false,\"caption\":false,\"created_timestamp\":false,\"copyright\":false,\"focal_length\":false,\"iso\":false,\"shutter_speed\":false,\"flash\":false,\"title\":false,\"keywords\":false,\"width\":500,\"height\":375,\"saved\":true,\"thumbnail\":{\"width\":400,\"height\":300},\"webview\":{\"0\":500,\"1\":375,\"2\":2,\"3\":\"width=\\\"500\\\" height=\\\"375\\\"\",\"bits\":8,\"channels\":3,\"mime\":\"image\\\/jpeg\"},\"views\":\"3\",\"likes\":\"0\"},\"title\":\"\",\"description\":\"\",\"link\":null,\"link_target\":\"\",\"download\":\"https:\\\/\\\/www.stoc-saar-pfalz.net\\\/wp-content\\\/flagallery\\\/13-geburtstag\\\/image003.jpg\",\"ratio\":1.3333333333333333},{\"id\":\"2133\",\"image\":\"https:\\\/\\\/www.stoc-saar-pfalz.net\\\/wp-content\\\/flagallery\\\/13-geburtstag\\\/webview\\\/image004.jpg\",\"thumb\":\"https:\\\/\\\/www.stoc-saar-pfalz.net\\\/wp-content\\\/flagallery\\\/13-geburtstag\\\/thumbs\\\/thumbs_image004.jpg\",\"file\":\"image004.jpg\",\"meta\":{\"aperture\":false,\"credit\":false,\"camera\":false,\"caption\":false,\"created_timestamp\":false,\"copyright\":false,\"focal_length\":false,\"iso\":false,\"shutter_speed\":false,\"flash\":false,\"title\":false,\"keywords\":false,\"width\":500,\"height\":375,\"saved\":true,\"thumbnail\":{\"width\":400,\"height\":300},\"webview\":{\"0\":500,\"1\":375,\"2\":2,\"3\":\"width=\\\"500\\\" height=\\\"375\\\"\",\"bits\":8,\"channels\":3,\"mime\":\"image\\\/jpeg\"},\"views\":\"4\",\"likes\":\"0\"},\"title\":\"\",\"description\":\"\",\"link\":null,\"link_target\":\"\",\"download\":\"https:\\\/\\\/www.stoc-saar-pfalz.net\\\/wp-content\\\/flagallery\\\/13-geburtstag\\\/image004.jpg\",\"ratio\":1.3333333333333333},{\"id\":\"2134\",\"image\":\"https:\\\/\\\/www.stoc-saar-pfalz.net\\\/wp-content\\\/flagallery\\\/13-geburtstag\\\/webview\\\/image005.jpg\",\"thumb\":\"https:\\\/\\\/www.stoc-saar-pfalz.net\\\/wp-content\\\/flagallery\\\/13-geburtstag\\\/thumbs\\\/thumbs_image005.jpg\",\"file\":\"image005.jpg\",\"meta\":{\"aperture\":false,\"credit\":false,\"camera\":false,\"caption\":false,\"created_timestamp\":false,\"copyright\":false,\"focal_length\":false,\"iso\":false,\"shutter_speed\":false,\"flash\":false,\"title\":false,\"keywords\":false,\"width\":500,\"height\":375,\"saved\":true,\"thumbnail\":{\"width\":400,\"height\":300},\"webview\":{\"0\":500,\"1\":375,\"2\":2,\"3\":\"width=\\\"500\\\" height=\\\"375\\\"\",\"bits\":8,\"channels\":3,\"mime\":\"image\\\/jpeg\"},\"views\":\"1\",\"likes\":\"0\"},\"title\":\"\",\"description\":\"\",\"link\":null,\"link_target\":\"\",\"download\":\"https:\\\/\\\/www.stoc-saar-pfalz.net\\\/wp-content\\\/flagallery\\\/13-geburtstag\\\/image005.jpg\",\"ratio\":1.3333333333333333},{\"id\":\"2135\",\"image\":\"https:\\\/\\\/www.stoc-saar-pfalz.net\\\/wp-content\\\/flagallery\\\/13-geburtstag\\\/webview\\\/image006.jpg\",\"thumb\":\"https:\\\/\\\/www.stoc-saar-pfalz.net\\\/wp-content\\\/flagallery\\\/13-geburtstag\\\/thumbs\\\/thumbs_image006.jpg\",\"file\":\"image006.jpg\",\"meta\":{\"aperture\":false,\"credit\":false,\"camera\":false,\"caption\":false,\"created_timestamp\":false,\"copyright\":false,\"focal_length\":false,\"iso\":false,\"shutter_speed\":false,\"flash\":false,\"title\":false,\"keywords\":false,\"width\":500,\"height\":375,\"saved\":true,\"thumbnail\":{\"width\":400,\"height\":300},\"webview\":{\"0\":500,\"1\":375,\"2\":2,\"3\":\"width=\\\"500\\\" height=\\\"375\\\"\",\"bits\":8,\"channels\":3,\"mime\":\"image\\\/jpeg\"},\"views\":\"0\",\"likes\":\"0\"},\"title\":\"\",\"description\":\"\",\"link\":null,\"link_target\":\"\",\"download\":\"https:\\\/\\\/www.stoc-saar-pfalz.net\\\/wp-content\\\/flagallery\\\/13-geburtstag\\\/image006.jpg\",\"ratio\":1.3333333333333333},{\"id\":\"2136\",\"image\":\"https:\\\/\\\/www.stoc-saar-pfalz.net\\\/wp-content\\\/flagallery\\\/13-geburtstag\\\/webview\\\/image007.jpg\",\"thumb\":\"https:\\\/\\\/www.stoc-saar-pfalz.net\\\/wp-content\\\/flagallery\\\/13-geburtstag\\\/thumbs\\\/thumbs_image007.jpg\",\"file\":\"image007.jpg\",\"meta\":{\"aperture\":false,\"credit\":false,\"camera\":false,\"caption\":false,\"created_timestamp\":false,\"copyright\":false,\"focal_length\":false,\"iso\":false,\"shutter_speed\":false,\"flash\":false,\"title\":false,\"keywords\":false,\"width\":500,\"height\":375,\"saved\":true,\"thumbnail\":{\"width\":400,\"height\":300},\"webview\":{\"0\":500,\"1\":375,\"2\":2,\"3\":\"width=\\\"500\\\" height=\\\"375\\\"\",\"bits\":8,\"channels\":3,\"mime\":\"image\\\/jpeg\"},\"views\":\"1\",\"likes\":\"0\"},\"title\":\"\",\"description\":\"\",\"link\":null,\"link_target\":\"\",\"download\":\"https:\\\/\\\/www.stoc-saar-pfalz.net\\\/wp-content\\\/flagallery\\\/13-geburtstag\\\/image007.jpg\",\"ratio\":1.3333333333333333},{\"id\":\"2137\",\"image\":\"https:\\\/\\\/www.stoc-saar-pfalz.net\\\/wp-content\\\/flagallery\\\/13-geburtstag\\\/webview\\\/image008.jpg\",\"thumb\":\"https:\\\/\\\/www.stoc-saar-pfalz.net\\\/wp-content\\\/flagallery\\\/13-geburtstag\\\/thumbs\\\/thumbs_image008.jpg\",\"file\":\"image008.jpg\",\"meta\":{\"aperture\":false,\"credit\":false,\"camera\":false,\"caption\":false,\"created_timestamp\":false,\"copyright\":false,\"focal_length\":false,\"iso\":false,\"shutter_speed\":false,\"flash\":false,\"title\":false,\"keywords\":false,\"width\":500,\"height\":375,\"saved\":true,\"thumbnail\":{\"width\":400,\"height\":300},\"webview\":{\"0\":500,\"1\":375,\"2\":2,\"3\":\"width=\\\"500\\\" height=\\\"375\\\"\",\"bits\":8,\"channels\":3,\"mime\":\"image\\\/jpeg\"},\"views\":\"4\",\"likes\":\"0\"},\"title\":\"\",\"description\":\"\",\"link\":null,\"link_target\":\"\",\"download\":\"https:\\\/\\\/www.stoc-saar-pfalz.net\\\/wp-content\\\/flagallery\\\/13-geburtstag\\\/image008.jpg\",\"ratio\":1.3333333333333333},{\"id\":\"2138\",\"image\":\"https:\\\/\\\/www.stoc-saar-pfalz.net\\\/wp-content\\\/flagallery\\\/13-geburtstag\\\/webview\\\/image009.jpg\",\"thumb\":\"https:\\\/\\\/www.stoc-saar-pfalz.net\\\/wp-content\\\/flagallery\\\/13-geburtstag\\\/thumbs\\\/thumbs_image009.jpg\",\"file\":\"image009.jpg\",\"meta\":{\"aperture\":false,\"credit\":false,\"camera\":false,\"caption\":false,\"created_timestamp\":false,\"copyright\":false,\"focal_length\":false,\"iso\":false,\"shutter_speed\":false,\"flash\":false,\"title\":false,\"keywords\":false,\"width\":500,\"height\":375,\"saved\":true,\"thumbnail\":{\"width\":400,\"height\":300},\"webview\":{\"0\":500,\"1\":375,\"2\":2,\"3\":\"width=\\\"500\\\" height=\\\"375\\\"\",\"bits\":8,\"channels\":3,\"mime\":\"image\\\/jpeg\"},\"views\":\"3\",\"likes\":\"0\"},\"title\":\"\",\"description\":\"\",\"link\":null,\"link_target\":\"\",\"download\":\"https:\\\/\\\/www.stoc-saar-pfalz.net\\\/wp-content\\\/flagallery\\\/13-geburtstag\\\/image009.jpg\",\"ratio\":1.3333333333333333},{\"id\":\"2139\",\"image\":\"https:\\\/\\\/www.stoc-saar-pfalz.net\\\/wp-content\\\/flagallery\\\/13-geburtstag\\\/webview\\\/image010.jpg\",\"thumb\":\"https:\\\/\\\/www.stoc-saar-pfalz.net\\\/wp-content\\\/flagallery\\\/13-geburtstag\\\/thumbs\\\/thumbs_image010.jpg\",\"file\":\"image010.jpg\",\"meta\":{\"aperture\":false,\"credit\":false,\"camera\":false,\"caption\":false,\"created_timestamp\":false,\"copyright\":false,\"focal_length\":false,\"iso\":false,\"shutter_speed\":false,\"flash\":false,\"title\":false,\"keywords\":false,\"width\":500,\"height\":375,\"saved\":true,\"thumbnail\":{\"width\":400,\"height\":300},\"webview\":{\"0\":500,\"1\":375,\"2\":2,\"3\":\"width=\\\"500\\\" height=\\\"375\\\"\",\"bits\":8,\"channels\":3,\"mime\":\"image\\\/jpeg\"},\"views\":\"2\",\"likes\":\"0\"},\"title\":\"\",\"description\":\"\",\"link\":null,\"link_target\":\"\",\"download\":\"https:\\\/\\\/www.stoc-saar-pfalz.net\\\/wp-content\\\/flagallery\\\/13-geburtstag\\\/image010.jpg\",\"ratio\":1.3333333333333333},{\"id\":\"2140\",\"image\":\"https:\\\/\\\/www.stoc-saar-pfalz.net\\\/wp-content\\\/flagallery\\\/13-geburtstag\\\/webview\\\/image011.jpg\",\"thumb\":\"https:\\\/\\\/www.stoc-saar-pfalz.net\\\/wp-content\\\/flagallery\\\/13-geburtstag\\\/thumbs\\\/thumbs_image011.jpg\",\"file\":\"image011.jpg\",\"meta\":{\"aperture\":false,\"credit\":false,\"camera\":false,\"caption\":false,\"created_timestamp\":false,\"copyright\":false,\"focal_length\":false,\"iso\":false,\"shutter_speed\":false,\"flash\":false,\"title\":false,\"keywords\":false,\"width\":500,\"height\":375,\"saved\":true,\"thumbnail\":{\"width\":400,\"height\":300},\"webview\":{\"0\":500,\"1\":375,\"2\":2,\"3\":\"width=\\\"500\\\" height=\\\"375\\\"\",\"bits\":8,\"channels\":3,\"mime\":\"image\\\/jpeg\"},\"views\":\"22\",\"likes\":\"0\"},\"title\":\"\",\"description\":\"\",\"link\":null,\"link_target\":\"\",\"download\":\"https:\\\/\\\/www.stoc-saar-pfalz.net\\\/wp-content\\\/flagallery\\\/13-geburtstag\\\/image011.jpg\",\"ratio\":1.3333333333333333}]}; var container = $('#FlaGallery_sc1_34'); container.photomania(settings, content); window.FlaGallery_sc1_34 = container.data('photomania'); }); <\/script><\/div><\/div><noscript id=\"noscript_FlaGallery_sc1_34\"><img class=\"skip-lazy no-lazyload noLazy\" data-lazy-src=\"\" src =\"https:\/\/www.stoc-saar-pfalz.net\/wp-content\/flagallery\/13-geburtstag\/image001.jpg\" alt=\"\" \/><img class=\"skip-lazy no-lazyload noLazy\" data-lazy-src=\"\" src =\"https:\/\/www.stoc-saar-pfalz.net\/wp-content\/flagallery\/13-geburtstag\/image002.jpg\" alt=\"\" \/><img class=\"skip-lazy no-lazyload noLazy\" data-lazy-src=\"\" src =\"https:\/\/www.stoc-saar-pfalz.net\/wp-content\/flagallery\/13-geburtstag\/image003.jpg\" alt=\"\" \/><img class=\"skip-lazy no-lazyload noLazy\" data-lazy-src=\"\" src =\"https:\/\/www.stoc-saar-pfalz.net\/wp-content\/flagallery\/13-geburtstag\/image004.jpg\" alt=\"\" \/><img class=\"skip-lazy no-lazyload noLazy\" data-lazy-src=\"\" src =\"https:\/\/www.stoc-saar-pfalz.net\/wp-content\/flagallery\/13-geburtstag\/image005.jpg\" alt=\"\" \/><img class=\"skip-lazy no-lazyload noLazy\" data-lazy-src=\"\" src =\"https:\/\/www.stoc-saar-pfalz.net\/wp-content\/flagallery\/13-geburtstag\/image006.jpg\" alt=\"\" \/><img class=\"skip-lazy no-lazyload noLazy\" data-lazy-src=\"\" src =\"https:\/\/www.stoc-saar-pfalz.net\/wp-content\/flagallery\/13-geburtstag\/image007.jpg\" alt=\"\" \/><img class=\"skip-lazy no-lazyload noLazy\" data-lazy-src=\"\" src =\"https:\/\/www.stoc-saar-pfalz.net\/wp-content\/flagallery\/13-geburtstag\/image008.jpg\" alt=\"\" \/><img class=\"skip-lazy no-lazyload noLazy\" data-lazy-src=\"\" src =\"https:\/\/www.stoc-saar-pfalz.net\/wp-content\/flagallery\/13-geburtstag\/image009.jpg\" alt=\"\" \/><img class=\"skip-lazy no-lazyload noLazy\" data-lazy-src=\"\" src =\"https:\/\/www.stoc-saar-pfalz.net\/wp-content\/flagallery\/13-geburtstag\/image010.jpg\" alt=\"\" \/><img class=\"skip-lazy no-lazyload noLazy\" data-lazy-src=\"\" src =\"https:\/\/www.stoc-saar-pfalz.net\/wp-content\/flagallery\/13-geburtstag\/image011.jpg\" alt=\"\" \/><\/noscript><\/div>\n","protected":false},"excerpt":{"rendered":"<p>Nat\u00fcrlich mit Kuchen und guten Freunden. Trotz des bescheidenen Wetters &#8211; ich kann mich nicht erinnern, das ein Geburtstagsstammtisch jemals wegen schlechten Wetters innen im Gastraum stattgefunden hat, kamen viele Besucher. 17 Teilnehmer liessen sich jedoch nicht vom schlechten Wetter abhalten. Die Hessenfraktion war mit Peter und Beate Grix sowie Andreas und Marita vertreten. Die Vier waren genau wie Guy&hellip; <a href=\"https:\/\/www.stoc-saar-pfalz.net\/?page_id=590\">(more&#8230;)<\/a><\/p>\n","protected":false},"author":667,"featured_media":0,"parent":118,"menu_order":0,"comment_status":"open","ping_status":"closed","template":"","meta":[],"_links":{"self":[{"href":"https:\/\/www.stoc-saar-pfalz.net\/index.php?rest_route=\/wp\/v2\/pages\/590"}],"collection":[{"href":"https:\/\/www.stoc-saar-pfalz.net\/index.php?rest_route=\/wp\/v2\/pages"}],"about":[{"href":"https:\/\/www.stoc-saar-pfalz.net\/index.php?rest_route=\/wp\/v2\/types\/page"}],"author":[{"embeddable":true,"href":"https:\/\/www.stoc-saar-pfalz.net\/index.php?rest_route=\/wp\/v2\/users\/667"}],"replies":[{"embeddable":true,"href":"https:\/\/www.stoc-saar-pfalz.net\/index.php?rest_route=%2Fwp%2Fv2%2Fcomments&post=590"}],"version-history":[{"count":6,"href":"https:\/\/www.stoc-saar-pfalz.net\/index.php?rest_route=\/wp\/v2\/pages\/590\/revisions"}],"predecessor-version":[{"id":2126,"href":"https:\/\/www.stoc-saar-pfalz.net\/index.php?rest_route=\/wp\/v2\/pages\/590\/revisions\/2126"}],"up":[{"embeddable":true,"href":"https:\/\/www.stoc-saar-pfalz.net\/index.php?rest_route=\/wp\/v2\/pages\/118"}],"wp:attachment":[{"href":"https:\/\/www.stoc-saar-pfalz.net\/index.php?rest_route=%2Fwp%2Fv2%2Fmedia&parent=590"}],"curies":[{"name":"wp","href":"https:\/\/api.w.org\/{rel}","templated":true}]}}